{"id":7486,"date":"2024-01-07T20:07:16","date_gmt":"2024-01-07T19:07:16","guid":{"rendered":"https:\/\/www.uwant.fr\/?post_type=evenement&#038;p=7486"},"modified":"2024-05-23T12:03:28","modified_gmt":"2024-05-23T10:03:28","slug":"sitevi-2023","status":"publish","type":"evenement","link":"https:\/\/www.lagriculteur.fr\/blog\/evenement\/sitevi-2023\/","title":{"rendered":"Sitevi 2023"},"content":{"rendered":"\n<h2 class=\"wp-block-heading\" id=\"plongez-au-coeur-de-l-innovation-viticole-et-agricole\"><span style=\"font-weight: 400;\">Plongez au c\u0153ur de l&rsquo;innovation viticole et agricole&nbsp;<\/span><\/h2>\n\n\n\n<p class=\"wp-block-paragraph\"><span style=\"font-weight: 400;\">Depuis son lancement, le salon SITEVI s&rsquo;est impos\u00e9 comme un rendez-vous incontournable pour les acteurs de la fili\u00e8re vin, mais aussi fruits et l\u00e9gumes. L&rsquo;\u00e9dition 2023, qui se d\u00e9roulera au parc des expositions de Montpellier du 28 au 30 novembre, est tr\u00e8s attendue tant pour son innovation que pour les \u00e9changes qu&rsquo;elle facilite.<\/span><\/p>\n\n\n\n<p class=\"wp-block-paragraph\"><span style=\"font-weight: 400;\">Le SITEVI est un salon international d\u00e9di\u00e9 aux \u00e9quipements et services dans le domaine de la viticulture et de l&rsquo;\u0153nologie, ainsi que dans la fili\u00e8re ol\u00e9icole et horticole. C&rsquo;est une plateforme unique o\u00f9 les professionnels peuvent d\u00e9couvrir les derni\u00e8res innovations, participer \u00e0 des conf\u00e9rences professionnelles et bien s\u00fbr r\u00e9seauter avec des personnes partageant les m\u00eames id\u00e9es.<\/span><\/p>\n\n\n\n<p class=\"wp-block-paragraph\">>> <a href=\"https:\/\/www.lagriculteur.fr\/\">Visitez notre boutique en ligne pour trouver des pi\u00e8ces de qualit\u00e9 pour vos \u00e9quipements agricoles sur lagriculteur.fr.<\/a><\/p>\n\n\n\n<h2 class=\"wp-block-heading\" id=\"le-coeur-de-l-edition-2023\"><span style=\"font-weight: 400;\">Le c\u0153ur de l&rsquo;\u00e9dition 2023<\/span><\/h2>\n\n\n\n<ul class=\"wp-block-list\">\n<li><span style=\"font-weight: 400;\">&nbsp;Focus sur la durabilit\u00e9 : avec les pr\u00e9occupations environnementales croissantes, l&rsquo;\u00e9dition 2023 se concentrera sur les innovations qui favorisent une agriculture verte, \u00e9conomiquement viable et durable. Attendez-vous \u00e0 des solutions innovantes dans les domaines de l&rsquo;irrigation, des traitements alternatifs et des m\u00e9thodes de culture.<\/span><\/li>\n\n\n\n<li><span style=\"font-weight: 400;\">D\u00e9couverte et d\u00e9gustation : La foire n&rsquo;oublie pas ses racines et propose de nombreux stands de d\u00e9gustation o\u00f9 les visiteurs peuvent d\u00e9guster vins et produits du terroir de diff\u00e9rentes r\u00e9gions.<\/span><\/li>\n\n\n\n<li><span style=\"font-weight: 400;\">Forums d&rsquo;experts : des conf\u00e9renciers distingu\u00e9s partageront leurs connaissances sur des sujets de pointe tels que l&rsquo;impact du changement climatique sur la viticulture, les nouvelles fronti\u00e8res de la biotechnologie, ainsi que les d\u00e9fis \u00e9conomiques du domaine.<\/span><\/li>\n<\/ul>\n\n\n\n<figure class=\"wp-block-image size-large\"><img loading=\"lazy\" decoding=\"async\" width=\"1024\" height=\"393\" src=\"https:\/\/www.lagriculteur.fr\/blog\/wp-content\/uploads\/2024\/05\/sitevi-1024x393.png\" alt=\"sitevi\" class=\"wp-image-8326\" srcset=\"https:\/\/www.lagriculteur.fr\/blog\/wp-content\/uploads\/2024\/05\/sitevi-1024x393.png 1024w, https:\/\/www.lagriculteur.fr\/blog\/wp-content\/uploads\/2024\/05\/sitevi-300x115.png 300w, https:\/\/www.lagriculteur.fr\/blog\/wp-content\/uploads\/2024\/05\/sitevi-768x294.png 768w, https:\/\/www.lagriculteur.fr\/blog\/wp-content\/uploads\/2024\/05\/sitevi.png 1114w\" sizes=\"auto, (max-width: 1024px) 100vw, 1024px\" \/><\/figure>\n\n\n\n<h2 class=\"wp-block-heading\" id=\"chiffres-cles-du-sitevi\"><span style=\"font-weight: 400;\">Chiffres cl\u00e9s du SITEVI<\/span><\/h2>\n\n\n\n<p class=\"wp-block-paragraph\"><span style=\"font-weight: 400;\">Les chiffres \u00e0 retenir :<\/span><\/p>\n\n\n\n<ul class=\"wp-block-list\">\n<li><span style=\"font-weight: 400;\">Environ 900 entreprises dont 23% sont des entreprises \u00e9trang\u00e8res<\/span><\/li>\n\n\n\n<li><span style=\"font-weight: 400;\">51 000 entr\u00e9es de 61 pays<\/span><\/li>\n\n\n\n<li><span style=\"font-weight: 400;\">+120 d\u00e9l\u00e9gations internationales<\/span><\/li>\n<\/ul>\n\n\n\n<p class=\"wp-block-paragraph\"><span style=\"font-weight: 400;\">De la vigne \u00e0 l&rsquo;oliveraie, en passant par les vergers et les potagers, le SITEVI 2023 propose un panorama complet des avanc\u00e9es et tendances des fili\u00e8res vitivinicoles, ol\u00e9icoles et horticoles. <\/span><span style=\"font-weight: 400;\">Le programme d\u2019exposition d\u00e9taill\u00e9, qui promet d\u2019\u00e9blouir et d\u2019informer tous les participants:<\/span><\/p>\n\n\n\n<ul class=\"wp-block-list\">\n<li><span style=\"font-weight: 400;\">Traction<\/span><\/li>\n\n\n\n<li><span style=\"font-weight: 400;\">Travail du sol<\/span><\/li>\n\n\n\n<li><span style=\"font-weight: 400;\">Irrigation<\/span><\/li>\n\n\n\n<li><span style=\"font-weight: 400;\">Greffage, palissage<\/span><\/li>\n\n\n\n<li><span style=\"font-weight: 400;\">Emballage<\/span><\/li>\n\n\n\n<li><span style=\"font-weight: 400;\">Manutention<\/span><\/li>\n\n\n\n<li><span style=\"font-weight: 400;\">Espace rural et forestier<\/span><\/li>\n\n\n\n<li><span style=\"font-weight: 400;\">\u00c9nergies renouvelables<\/span><\/li>\n\n\n\n<li><span style=\"font-weight: 400;\">Pulv\u00e9risateurs<\/span><\/li>\n\n\n\n<li><span style=\"font-weight: 400;\">Pi\u00e8ces et composants<\/span><\/li>\n\n\n\n<li><span style=\"font-weight: 400;\">Produits phytosanitaires, engrais<\/span><\/li>\n\n\n\n<li><span style=\"font-weight: 400;\">Conseils aux producteurs<\/span><\/li>\n<\/ul>\n\n\n\n<p class=\"wp-block-paragraph\">Lire aussi &gt;&gt; <a href=\"https:\/\/www.lagriculteur.fr\/blog\/evenement\/salon-de-lherbe-et-des-fourrages\/\" data-type=\"evenement\" data-id=\"7928\">Salon de l\u2019herbe et des fourrages<\/a><\/p>\n\n\n\n<h2 class=\"wp-block-heading\" id=\"comment-s-y-rendre\"><span style=\"font-weight: 400;\">Comment s&rsquo;y rendre ?<\/span><\/h2>\n\n\n\n<h3 class=\"wp-block-heading\" id=\"navette-et-parkings\"><span style=\"font-weight: 300;\">Navette et parkings<\/span><\/h3>\n\n\n\n<p class=\"wp-block-paragraph\">Il y a 3 parkings gratuits :<\/p>\n\n\n\n<ul class=\"wp-block-list\">\n<li>Parking de l&rsquo;accueil B (parking voitures\/bus)<\/li>\n\n\n\n<li>Le parking de l&rsquo;accueil A.<\/li>\n\n\n\n<li>Le parking \u00ab\u00a0Le Z\u00e9nith\u00a0\u00bb est situ\u00e9 \u00e0 10 minutes du Parc des Expositions de Montpellier.<\/li>\n<\/ul>\n\n\n\n<p class=\"wp-block-paragraph\"><strong>Navette gratuite de l&rsquo;a\u00e9roport de Montpellier au parc des expositions<\/strong><br>D\u00e9part toutes les 40 minutes de 7h30 \u00e0 19h30.<br>Point de d\u00e9part de l&rsquo;a\u00e9roport : Niveau \u00ab\u00a0Arriv\u00e9e\u00a0\u00bb.<br>Point de d\u00e9part du parc des expositions : parking visiteurs, Accueil c\u00f4t\u00e9 B<\/p>\n\n\n\n<p class=\"wp-block-paragraph\"><strong>Parking Z\u00e9nith &#8211; navette gratuite vers le parc des expositions<\/strong><br>D\u00e9part toutes les 20 minutes de 7h30 \u00e0 20h00.<br>Point de d\u00e9part du parc des expositions : accueil c\u00f4t\u00e9 B<\/p>\n\n\n\n<p class=\"wp-block-paragraph\"><strong>Navette gratuite Gare du Sud de la France &#8211; Parc des Expositions<\/strong><br>D\u00e9part toutes les 40 minutes de 7h30 \u00e0 20h00.<\/p>\n\n\n\n<h2 class=\"wp-block-heading\" id=\"achats-de-billets\"><span style=\"font-weight: 400;\">Achats de billets<\/span><\/h2>\n\n\n\n<p class=\"wp-block-paragraph\"><a href=\"https:\/\/badge.sitevi.com\/accueil.htm\" target=\"_blank\" rel=\"noopener\">Demandez votre badge d\u00e8s maintenant .<\/a><\/p>\n","protected":false},"excerpt":{"rendered":"<p>Plongez au c\u0153ur de l&rsquo;innovation viticole et agricole&nbsp; Depuis son lancement, le salon SITEVI s&rsquo;est impos\u00e9 comme un rendez-vous incontournable pour les acteurs de la fili\u00e8re vin, mais aussi fruits et l\u00e9gumes. L&rsquo;\u00e9dition 2023, qui se d\u00e9roulera au parc des expositions de Montpellier du 28 au 30 novembre, est tr\u00e8s attendue tant pour son innovation [&hellip;]<\/p>\n","protected":false},"author":8,"featured_media":7489,"parent":0,"template":"","c-evenement":[385,384],"class_list":["post-7486","evenement","type-evenement","status-publish","has-post-thumbnail","c-evenement-event","c-evenement-sitevi"],"blocksy_meta":{"styles_descriptor":{"styles":{"desktop":"","tablet":"","mobile":""},"google_fonts":[],"version":7}},"acf":[],"_links":{"self":[{"href":"https:\/\/www.lagriculteur.fr\/blog\/wp-json\/wp\/v2\/evenement\/7486","targetHints":{"allow":["GET"]}}],"collection":[{"href":"https:\/\/www.lagriculteur.fr\/blog\/wp-json\/wp\/v2\/evenement"}],"about":[{"href":"https:\/\/www.lagriculteur.fr\/blog\/wp-json\/wp\/v2\/types\/evenement"}],"author":[{"embeddable":true,"href":"https:\/\/www.lagriculteur.fr\/blog\/wp-json\/wp\/v2\/users\/8"}],"version-history":[{"count":3,"href":"https:\/\/www.lagriculteur.fr\/blog\/wp-json\/wp\/v2\/evenement\/7486\/revisions"}],"predecessor-version":[{"id":8327,"href":"https:\/\/www.lagriculteur.fr\/blog\/wp-json\/wp\/v2\/evenement\/7486\/revisions\/8327"}],"wp:featuredmedia":[{"embeddable":true,"href":"https:\/\/www.lagriculteur.fr\/blog\/wp-json\/wp\/v2\/media\/7489"}],"wp:attachment":[{"href":"https:\/\/www.lagriculteur.fr\/blog\/wp-json\/wp\/v2\/media?parent=7486"}],"wp:term":[{"taxonomy":"c-evenement","embeddable":true,"href":"https:\/\/www.lagriculteur.fr\/blog\/wp-json\/wp\/v2\/c-evenement?post=7486"}],"curies":[{"name":"wp","href":"https:\/\/api.w.org\/{rel}","templated":true}]}}