{"id":3242,"date":"2023-07-31T22:00:35","date_gmt":"2023-07-31T20:00:35","guid":{"rendered":"https:\/\/www.alterlocal.org\/?page_id=3242"},"modified":"2023-12-18T21:56:45","modified_gmt":"2023-12-18T20:56:45","slug":"home","status":"publish","type":"page","link":"https:\/\/www.lagriculteur.fr\/blog\/","title":{"rendered":"Home"},"content":{"rendered":"\n<section class=\"wp-block-greenshift-blocks-row alignfull gspb_row gspb_row-id-gsbp-d5b7f687-5e34\" id=\"gspb_row-id-gsbp-d5b7f687-5e34\"><div class=\"gspb_row__content\"> \n<div class=\"wp-block-greenshift-blocks-row-column gspb_row__col--12 gspb_col-id-gsbp-bb8a1d0c-3d65\" id=\"gspb_col-id-gsbp-bb8a1d0c-3d65\">\t\t\t\t\t\t\t\t\t\t\t\t\t\t\t\t\t<div id=\"gspb_filterid_gsbp-ae95961e-0d06\" class=\"gspbgrid_id-gsbp-ae95961e-0d06 gspbgrid_list_builder wp-block-query alignwide gspb_filterid_gsbp-ae95961e-0d06 wp-block-greenshift-blocks-querygrid\" data-filterargs='' data-template=\"querybuilder\" id=\"gspb_filterid_gsbp-ae95961e-0d06\" data-innerargs='' data-perpage='50'  data-paginationtype=\"\">\n\t\t\t\t\t\t\t\t\t\t\t<div class=\"gspbgrid-block__title\">\n\t\t\t\t\t\t\tNews\t\t\t\t\t\t<\/div>\n\t\t\t\t\t\t\t\t\t\t\n\t\t\t\t\t<ul class=\"wp-block-post-template\" data-currentpage=\"1\" data-maxpage=\"0\" data-paginationid=\"currentpage-gspb_filterid_gsbp-ae95961e-0d06\">\n\t\t\t\t\t\t                            \t\t\t\t\t\t\t\n<li class=\"gspbgrid_item swiper-slide  post-9140\">\n    <a class=\"gspbgrid_item_link\" title=\"Canicule et s\u00e9cheresse : l\u2019agriculture fran\u00e7aise face \u00e0 un bilan lourd\" href=\"https:\/\/www.lagriculteur.fr\/blog\/canicule-et-secheresse-lagriculture-francaise-face-a-un-bilan-lourd\/\"><\/a>            \n<div class=\"gspb_id-gsbp-40cda8cd-4acd gspb-dynamic-post-image wp-block-greenshift-blocks-dynamic-post-image\"><img decoding=\"async\" width=\"768\" height=\"321\" src=\"https:\/\/www.lagriculteur.fr\/blog\/wp-content\/uploads\/2026\/08\/capture-decran-2026-08-26-161911-768x321.png\" class=\" wp-post-image\" alt=\"capture d&#039;\u00e9cran 2026 08 26 161911\" loading=\"lazy\" srcset=\"https:\/\/www.lagriculteur.fr\/blog\/wp-content\/uploads\/2026\/08\/capture-decran-2026-08-26-161911-768x321.png 768w, https:\/\/www.lagriculteur.fr\/blog\/wp-content\/uploads\/2026\/08\/capture-decran-2026-08-26-161911-300x125.png 300w, https:\/\/www.lagriculteur.fr\/blog\/wp-content\/uploads\/2026\/08\/capture-decran-2026-08-26-161911.png 927w\" sizes=\"auto, (max-width: 768px) 100vw, 768px\" \/><\/div>\n\n\n<div class=\"wp-block-group is-layout-flow wp-container-core-group-is-layout-a360f6e0 wp-block-group-is-layout-flow\" style=\"padding-top:15px;padding-right:15px;padding-bottom:15px;padding-left:15px\"><div class=\"gspb_id-gsbp-e09663ac-f9d2 gspb-dynamic-post-title wp-block-greenshift-blocks-dynamic-post-title\"><h3 class=\"gspb-dynamic-title-element\">Canicule et s\u00e9cheresse : l\u2019agriculture fran\u00e7aise face \u00e0 un bilan lourd<\/h3><\/div>\n\n\n<div class=\"wp-block-group is-horizontal is-content-justification-left is-nowrap is-layout-flex wp-container-core-group-is-layout-69964be7 wp-block-group-is-layout-flex\"><div class=\"gspb_id-gsbp-522e665e-e77c gspb_meta wp-block-greenshift-blocks-meta\"><span class=\"gspb_meta_value\">27 ao\u00fbt 2026<\/span><\/div><\/div>\n\n\n<div class=\"gspb_id-gsbp-2a994400-2650 gspb_meta wp-block-greenshift-blocks-meta\"><div class=\"gspb_meta_value\">L\u2019\u00e9t\u00e9 2026 aura fortement marqu\u00e9 l\u2019agriculture fran\u00e7aise. Les \u00e9pisodes de chaleur et de s\u00e9cheresse ont affect\u00e9 de nombreuses productions, des cultures l\u00e9gumi\u00e8res aux grandes cultures, en passant par les vergers, les prairies et les \u00e9levages. Alors que les pertes restent encore difficiles \u00e0 mesurer pr\u00e9cis\u00e9ment, le gouvernement pr\u00e9pare un plan d\u2019aide destin\u00e9 \u00e0 soutenir les [&hellip;]<\/div><\/div><\/div>\n\n    <\/li>\t\t\t\t\t\t\t\t\t\t\t\t\t                            \t\t\t\t\t\t\t\n<li class=\"gspbgrid_item swiper-slide  post-9127\">\n    <a class=\"gspbgrid_item_link\" title=\"Mer Noire : le bl\u00e9 repart \u00e0 la hausse\u00a0\" href=\"https:\/\/www.lagriculteur.fr\/blog\/mer-noire-le-ble-repart-a-la-hausse\/\"><\/a>            \n<div class=\"gspb_id-gsbp-40cda8cd-4acd gspb-dynamic-post-image wp-block-greenshift-blocks-dynamic-post-image\"><img decoding=\"async\" width=\"768\" height=\"254\" src=\"https:\/\/www.lagriculteur.fr\/blog\/wp-content\/uploads\/2026\/02\/img_0589-edited-e1785073122208-768x254.jpeg\" class=\" wp-post-image\" alt=\"img 0589\" loading=\"lazy\" srcset=\"https:\/\/www.lagriculteur.fr\/blog\/wp-content\/uploads\/2026\/02\/img_0589-edited-e1785073122208-768x254.jpeg 768w, https:\/\/www.lagriculteur.fr\/blog\/wp-content\/uploads\/2026\/02\/img_0589-edited-e1785073122208-300x99.jpeg 300w, https:\/\/www.lagriculteur.fr\/blog\/wp-content\/uploads\/2026\/02\/img_0589-edited-e1785073122208-1024x338.jpeg 1024w, https:\/\/www.lagriculteur.fr\/blog\/wp-content\/uploads\/2026\/02\/img_0589-edited-e1785073122208-1536x507.jpeg 1536w, https:\/\/www.lagriculteur.fr\/blog\/wp-content\/uploads\/2026\/02\/img_0589-edited-e1785073122208.jpeg 1920w\" sizes=\"auto, (max-width: 768px) 100vw, 768px\" \/><\/div>\n\n\n<div class=\"wp-block-group is-layout-flow wp-container-core-group-is-layout-a360f6e0 wp-block-group-is-layout-flow\" style=\"padding-top:15px;padding-right:15px;padding-bottom:15px;padding-left:15px\"><div class=\"gspb_id-gsbp-e09663ac-f9d2 gspb-dynamic-post-title wp-block-greenshift-blocks-dynamic-post-title\"><h3 class=\"gspb-dynamic-title-element\">Mer Noire : le bl\u00e9 repart \u00e0 la hausse\u00a0<\/h3><\/div>\n\n\n<div class=\"wp-block-group is-horizontal is-content-justification-left is-nowrap is-layout-flex wp-container-core-group-is-layout-69964be7 wp-block-group-is-layout-flex\"><div class=\"gspb_id-gsbp-522e665e-e77c gspb_meta wp-block-greenshift-blocks-meta\"><span class=\"gspb_meta_value\">29 juillet 2026<\/span><\/div><\/div>\n\n\n<div class=\"gspb_id-gsbp-2a994400-2650 gspb_meta wp-block-greenshift-blocks-meta\"><div class=\"gspb_meta_value\">Le conflit entre la Russie et l&rsquo;Ukraine continue de peser sur les march\u00e9s agricoles. Ces derniers jours, la reprise des tensions autour de la mer Noire, principal corridor d&rsquo;exportation des c\u00e9r\u00e9ales de la r\u00e9gion, a provoqu\u00e9 une nouvelle hausse des cours du bl\u00e9 sur les march\u00e9s internationaux. Les op\u00e9rateurs s&rsquo;inqui\u00e8tent notamment des perturbations affectant plusieurs [&hellip;]<\/div><\/div><\/div>\n\n    <\/li>\t\t\t\t\t\t\t\t\t\t\t\t\t                            \t\t\t\t\t\t\t\n<li class=\"gspbgrid_item swiper-slide  post-9123\">\n    <a class=\"gspbgrid_item_link\" title=\"Loi d&rsquo;urgence agricole : adoption d\u00e9finitive au Parlement\" href=\"https:\/\/www.lagriculteur.fr\/blog\/loi-durgence-agricole-adoption-definitive-au-parlement\/\"><\/a>            \n<div class=\"gspb_id-gsbp-40cda8cd-4acd gspb-dynamic-post-image wp-block-greenshift-blocks-dynamic-post-image\"><img decoding=\"async\" width=\"768\" height=\"349\" src=\"https:\/\/www.lagriculteur.fr\/blog\/wp-content\/uploads\/2026\/07\/capture-decran-2026-07-26-143619-768x349.png\" class=\" wp-post-image\" alt=\"capture d&#039;\u00e9cran 2026 07 26 143619\" loading=\"lazy\" srcset=\"https:\/\/www.lagriculteur.fr\/blog\/wp-content\/uploads\/2026\/07\/capture-decran-2026-07-26-143619-768x349.png 768w, https:\/\/www.lagriculteur.fr\/blog\/wp-content\/uploads\/2026\/07\/capture-decran-2026-07-26-143619-300x136.png 300w, https:\/\/www.lagriculteur.fr\/blog\/wp-content\/uploads\/2026\/07\/capture-decran-2026-07-26-143619-1024x465.png 1024w, https:\/\/www.lagriculteur.fr\/blog\/wp-content\/uploads\/2026\/07\/capture-decran-2026-07-26-143619.png 1266w\" sizes=\"auto, (max-width: 768px) 100vw, 768px\" \/><\/div>\n\n\n<div class=\"wp-block-group is-layout-flow wp-container-core-group-is-layout-a360f6e0 wp-block-group-is-layout-flow\" style=\"padding-top:15px;padding-right:15px;padding-bottom:15px;padding-left:15px\"><div class=\"gspb_id-gsbp-e09663ac-f9d2 gspb-dynamic-post-title wp-block-greenshift-blocks-dynamic-post-title\"><h3 class=\"gspb-dynamic-title-element\">Loi d&rsquo;urgence agricole : adoption d\u00e9finitive au Parlement<\/h3><\/div>\n\n\n<div class=\"wp-block-group is-horizontal is-content-justification-left is-nowrap is-layout-flex wp-container-core-group-is-layout-69964be7 wp-block-group-is-layout-flex\"><div class=\"gspb_id-gsbp-522e665e-e77c gspb_meta wp-block-greenshift-blocks-meta\"><span class=\"gspb_meta_value\">28 juillet 2026<\/span><\/div><\/div>\n\n\n<div class=\"gspb_id-gsbp-2a994400-2650 gspb_meta wp-block-greenshift-blocks-meta\"><div class=\"gspb_meta_value\">Le Parlement a d\u00e9finitivement adopt\u00e9 la loi d&rsquo;urgence agricole, mettant un terme \u00e0 plusieurs mois de d\u00e9bats parlementaires. Port\u00e9 par le gouvernement pour r\u00e9pondre aux attentes exprim\u00e9es par le monde agricole, ce texte rassemble pr\u00e8s de 70 articles portant sur la souverainet\u00e9 alimentaire, la gestion de l&rsquo;eau, l&rsquo;\u00e9levage, les revenus des producteurs ou encore les [&hellip;]<\/div><\/div><\/div>\n\n    <\/li>\t\t\t\t\t\t\t\t\t\t\t\t\t                            \t\t\t\t\t\t\t\n<li class=\"gspbgrid_item swiper-slide  post-9098\">\n    <a class=\"gspbgrid_item_link\" title=\"Moisson 2026 : la canicule bouleverse d\u00e9j\u00e0 l\u2019organisation des r\u00e9coltes\" href=\"https:\/\/www.lagriculteur.fr\/blog\/moisson-2026-la-canicule-bouleverse-deja-lorganisation-des-recoltes\/\"><\/a>            \n<div class=\"gspb_id-gsbp-40cda8cd-4acd gspb-dynamic-post-image wp-block-greenshift-blocks-dynamic-post-image\"><img decoding=\"async\" width=\"768\" height=\"415\" src=\"https:\/\/www.lagriculteur.fr\/blog\/wp-content\/uploads\/2026\/06\/capture-decran-2026-06-27-171925-768x415.png\" class=\" wp-post-image\" alt=\"capture d&#039;\u00e9cran 2026 06 27 171925\" loading=\"lazy\" srcset=\"https:\/\/www.lagriculteur.fr\/blog\/wp-content\/uploads\/2026\/06\/capture-decran-2026-06-27-171925-768x415.png 768w, https:\/\/www.lagriculteur.fr\/blog\/wp-content\/uploads\/2026\/06\/capture-decran-2026-06-27-171925-300x162.png 300w, https:\/\/www.lagriculteur.fr\/blog\/wp-content\/uploads\/2026\/06\/capture-decran-2026-06-27-171925.png 792w\" sizes=\"auto, (max-width: 768px) 100vw, 768px\" \/><\/div>\n\n\n<div class=\"wp-block-group is-layout-flow wp-container-core-group-is-layout-a360f6e0 wp-block-group-is-layout-flow\" style=\"padding-top:15px;padding-right:15px;padding-bottom:15px;padding-left:15px\"><div class=\"gspb_id-gsbp-e09663ac-f9d2 gspb-dynamic-post-title wp-block-greenshift-blocks-dynamic-post-title\"><h3 class=\"gspb-dynamic-title-element\">Moisson 2026 : la canicule bouleverse d\u00e9j\u00e0 l\u2019organisation des r\u00e9coltes<\/h3><\/div>\n\n\n<div class=\"wp-block-group is-horizontal is-content-justification-left is-nowrap is-layout-flex wp-container-core-group-is-layout-69964be7 wp-block-group-is-layout-flex\"><div class=\"gspb_id-gsbp-522e665e-e77c gspb_meta wp-block-greenshift-blocks-meta\"><span class=\"gspb_meta_value\">27 juin 2026<\/span><\/div><\/div>\n\n\n<div class=\"gspb_id-gsbp-2a994400-2650 gspb_meta wp-block-greenshift-blocks-meta\"><div class=\"gspb_meta_value\">La campagne de moisson 2026 d\u00e9bute dans un contexte climatique particuli\u00e8rement tendu. Depuis plusieurs jours, la vague de chaleur qui touche une grande partie du territoire acc\u00e9l\u00e8re le dess\u00e8chement des cultures et complique directement l\u2019organisation des chantiers. Dans plusieurs d\u00e9partements, les pr\u00e9fectures ont d\u00e9j\u00e0 pris des arr\u00eat\u00e9s pour limiter, voire interdire temporairement les moissons aux [&hellip;]<\/div><\/div><\/div>\n\n    <\/li>\t\t\t\t\t\t\t\t\t\t\t\t\t                            \t\t\t\t\t\t\t\n<li class=\"gspbgrid_item swiper-slide  post-9078\">\n    <a class=\"gspbgrid_item_link\" title=\"Engrais azot\u00e9s : l\u2019Union europ\u00e9enne suspend les taxes \u00e0 l\u2019importation pendant un an\" href=\"https:\/\/www.lagriculteur.fr\/blog\/engrais-azotes-lunion-europeenne-suspend-les-taxes-a-limportation-pendant-un-an\/\"><\/a>            \n<div class=\"gspb_id-gsbp-40cda8cd-4acd gspb-dynamic-post-image wp-block-greenshift-blocks-dynamic-post-image\"><img decoding=\"async\" width=\"768\" height=\"257\" src=\"https:\/\/www.lagriculteur.fr\/blog\/wp-content\/uploads\/2026\/05\/capture-decran-2026-05-25-154930-768x257.png\" class=\" wp-post-image\" alt=\"capture d&#039;\u00e9cran 2026 05 25 154930\" loading=\"lazy\" srcset=\"https:\/\/www.lagriculteur.fr\/blog\/wp-content\/uploads\/2026\/05\/capture-decran-2026-05-25-154930-768x257.png 768w, https:\/\/www.lagriculteur.fr\/blog\/wp-content\/uploads\/2026\/05\/capture-decran-2026-05-25-154930-300x100.png 300w, https:\/\/www.lagriculteur.fr\/blog\/wp-content\/uploads\/2026\/05\/capture-decran-2026-05-25-154930.png 890w\" sizes=\"auto, (max-width: 768px) 100vw, 768px\" \/><\/div>\n\n\n<div class=\"wp-block-group is-layout-flow wp-container-core-group-is-layout-a360f6e0 wp-block-group-is-layout-flow\" style=\"padding-top:15px;padding-right:15px;padding-bottom:15px;padding-left:15px\"><div class=\"gspb_id-gsbp-e09663ac-f9d2 gspb-dynamic-post-title wp-block-greenshift-blocks-dynamic-post-title\"><h3 class=\"gspb-dynamic-title-element\">Engrais azot\u00e9s : l\u2019Union europ\u00e9enne suspend les taxes \u00e0 l\u2019importation pendant un an<\/h3><\/div>\n\n\n<div class=\"wp-block-group is-horizontal is-content-justification-left is-nowrap is-layout-flex wp-container-core-group-is-layout-69964be7 wp-block-group-is-layout-flex\"><div class=\"gspb_id-gsbp-522e665e-e77c gspb_meta wp-block-greenshift-blocks-meta\"><span class=\"gspb_meta_value\">26 mai 2026<\/span><\/div><\/div>\n\n\n<div class=\"gspb_id-gsbp-2a994400-2650 gspb_meta wp-block-greenshift-blocks-meta\"><div class=\"gspb_meta_value\">Face aux tensions croissantes sur le march\u00e9 des fertilisants, l\u2019Union europ\u00e9enne a officialis\u00e9, vendredi 22 mai 2026, la suspension pendant un an des droits de douane sur plusieurs engrais azot\u00e9s, notamment l\u2019ur\u00e9e et l\u2019ammoniac. Une d\u00e9cision qui intervient dans un contexte particuli\u00e8rement sensible pour les exploitations agricoles, marqu\u00e9 par la remont\u00e9e des prix de l\u2019\u00e9nergie [&hellip;]<\/div><\/div><\/div>\n\n    <\/li>\t\t\t\t\t\t\t\t\t\t\t\t\t                            \t\t\t\t\t\t\t\n<li class=\"gspbgrid_item swiper-slide  post-9033\">\n    <a class=\"gspbgrid_item_link\" title=\"Guerre au Proche-Orient : vers une nouvelle hausse du prix des pi\u00e8ces agricoles ?\" href=\"https:\/\/www.lagriculteur.fr\/blog\/guerre-au-proche-orient-vers-une-nouvelle-hausse-du-prix-des-pieces-agricoles\/\"><\/a>            \n<div class=\"gspb_id-gsbp-40cda8cd-4acd gspb-dynamic-post-image wp-block-greenshift-blocks-dynamic-post-image\"><img decoding=\"async\" width=\"725\" height=\"279\" src=\"https:\/\/www.lagriculteur.fr\/blog\/wp-content\/uploads\/2026\/04\/capture-decran-2026-04-17-173525.png\" class=\" wp-post-image\" alt=\"capture d&#039;\u00e9cran 2026 04 17 173525\" loading=\"lazy\" srcset=\"https:\/\/www.lagriculteur.fr\/blog\/wp-content\/uploads\/2026\/04\/capture-decran-2026-04-17-173525.png 725w, https:\/\/www.lagriculteur.fr\/blog\/wp-content\/uploads\/2026\/04\/capture-decran-2026-04-17-173525-300x115.png 300w\" sizes=\"auto, (max-width: 725px) 100vw, 725px\" \/><\/div>\n\n\n<div class=\"wp-block-group is-layout-flow wp-container-core-group-is-layout-a360f6e0 wp-block-group-is-layout-flow\" style=\"padding-top:15px;padding-right:15px;padding-bottom:15px;padding-left:15px\"><div class=\"gspb_id-gsbp-e09663ac-f9d2 gspb-dynamic-post-title wp-block-greenshift-blocks-dynamic-post-title\"><h3 class=\"gspb-dynamic-title-element\">Guerre au Proche-Orient : vers une nouvelle hausse du prix des pi\u00e8ces agricoles ?<\/h3><\/div>\n\n\n<div class=\"wp-block-group is-horizontal is-content-justification-left is-nowrap is-layout-flex wp-container-core-group-is-layout-69964be7 wp-block-group-is-layout-flex\"><div class=\"gspb_id-gsbp-522e665e-e77c gspb_meta wp-block-greenshift-blocks-meta\"><span class=\"gspb_meta_value\">22 avril 2026<\/span><\/div><\/div>\n\n\n<div class=\"gspb_id-gsbp-2a994400-2650 gspb_meta wp-block-greenshift-blocks-meta\"><div class=\"gspb_meta_value\">La mont\u00e9e des tensions au Proche-Orient entra\u00eene une nouvelle phase d\u2019incertitude sur les march\u00e9s internationaux, en particulier sur celui de l\u2019\u00e9nergie. La hausse r\u00e9cente des prix du p\u00e9trole constitue un premier signal, dont les effets pourraient s\u2019\u00e9tendre au-del\u00e0 du seul secteur du carburant. Dans ce contexte, une question se pose de plus en plus dans [&hellip;]<\/div><\/div><\/div>\n\n    <\/li>\t\t\t\t\t\t\t\t\t\t\t\t\t                            \t\t\t\t\t\t\t\n<li class=\"gspbgrid_item swiper-slide  post-9020\">\n    <a class=\"gspbgrid_item_link\" title=\"GNR agricole : une exon\u00e9ration de taxe en avril face \u00e0 la hausse des carburants\" href=\"https:\/\/www.lagriculteur.fr\/blog\/gnr-agricole-une-exoneration-de-taxe-en-avril-face-a-la-hausse-des-carburants\/\"><\/a>            \n<div class=\"gspb_id-gsbp-40cda8cd-4acd gspb-dynamic-post-image wp-block-greenshift-blocks-dynamic-post-image\"><img decoding=\"async\" width=\"768\" height=\"383\" src=\"https:\/\/www.lagriculteur.fr\/blog\/wp-content\/uploads\/2026\/03\/capture-decran-2026-03-30-121113-768x383.png\" class=\" wp-post-image\" alt=\"capture d&#039;\u00e9cran 2026 03 30 121113\" loading=\"lazy\" srcset=\"https:\/\/www.lagriculteur.fr\/blog\/wp-content\/uploads\/2026\/03\/capture-decran-2026-03-30-121113-768x383.png 768w, https:\/\/www.lagriculteur.fr\/blog\/wp-content\/uploads\/2026\/03\/capture-decran-2026-03-30-121113-300x150.png 300w, https:\/\/www.lagriculteur.fr\/blog\/wp-content\/uploads\/2026\/03\/capture-decran-2026-03-30-121113-1024x511.png 1024w, https:\/\/www.lagriculteur.fr\/blog\/wp-content\/uploads\/2026\/03\/capture-decran-2026-03-30-121113.png 1306w\" sizes=\"auto, (max-width: 768px) 100vw, 768px\" \/><\/div>\n\n\n<div class=\"wp-block-group is-layout-flow wp-container-core-group-is-layout-a360f6e0 wp-block-group-is-layout-flow\" style=\"padding-top:15px;padding-right:15px;padding-bottom:15px;padding-left:15px\"><div class=\"gspb_id-gsbp-e09663ac-f9d2 gspb-dynamic-post-title wp-block-greenshift-blocks-dynamic-post-title\"><h3 class=\"gspb-dynamic-title-element\">GNR agricole : une exon\u00e9ration de taxe en avril face \u00e0 la hausse des carburants<\/h3><\/div>\n\n\n<div class=\"wp-block-group is-horizontal is-content-justification-left is-nowrap is-layout-flex wp-container-core-group-is-layout-69964be7 wp-block-group-is-layout-flex\"><div class=\"gspb_id-gsbp-522e665e-e77c gspb_meta wp-block-greenshift-blocks-meta\"><span class=\"gspb_meta_value\">30 mars 2026<\/span><\/div><\/div>\n\n\n<div class=\"gspb_id-gsbp-2a994400-2650 gspb_meta wp-block-greenshift-blocks-meta\"><div class=\"gspb_meta_value\">Face \u00e0 la flamb\u00e9e des prix de l\u2019\u00e9nergie, le gouvernement a annonc\u00e9 un plan de soutien cibl\u00e9 pour plusieurs secteurs fortement d\u00e9pendants du carburant. L\u2019agriculture en fait partie, avec une mesure sp\u00e9cifique sur le gazole non routier (GNR) utilis\u00e9 sur les exploitations. Cette aide, limit\u00e9e au mois d\u2019avril 2026, vise \u00e0 apporter un soutien rapide [&hellip;]<\/div><\/div><\/div>\n\n    <\/li>\t\t\t\t\t\t\t\t\t\t\t\t\t                            \t\t\t\t\t\t\t\n<li class=\"gspbgrid_item swiper-slide  post-8980\">\n    <a class=\"gspbgrid_item_link\" title=\"Souverainet\u00e9 alimentaire : ce que pr\u00e9voit r\u00e9ellement la feuille de route pr\u00e9sent\u00e9e au Salon de l\u2019Agriculture\" href=\"https:\/\/www.lagriculteur.fr\/blog\/souverainete-alimentaire-ce-que-prevoit-reellement-la-feuille-de-route-presentee-au-salon-de-lagriculture\/\"><\/a>            \n<div class=\"gspb_id-gsbp-40cda8cd-4acd gspb-dynamic-post-image wp-block-greenshift-blocks-dynamic-post-image\"><img decoding=\"async\" width=\"768\" height=\"433\" src=\"https:\/\/www.lagriculteur.fr\/blog\/wp-content\/uploads\/2026\/02\/capture-decran-2026-02-24-204910-768x433.png\" class=\" wp-post-image\" alt=\"capture d&#039;\u00e9cran 2026 02 24 204910\" loading=\"lazy\" srcset=\"https:\/\/www.lagriculteur.fr\/blog\/wp-content\/uploads\/2026\/02\/capture-decran-2026-02-24-204910-768x433.png 768w, https:\/\/www.lagriculteur.fr\/blog\/wp-content\/uploads\/2026\/02\/capture-decran-2026-02-24-204910-300x169.png 300w, https:\/\/www.lagriculteur.fr\/blog\/wp-content\/uploads\/2026\/02\/capture-decran-2026-02-24-204910-1024x577.png 1024w, https:\/\/www.lagriculteur.fr\/blog\/wp-content\/uploads\/2026\/02\/capture-decran-2026-02-24-204910.png 1137w\" sizes=\"auto, (max-width: 768px) 100vw, 768px\" \/><\/div>\n\n\n<div class=\"wp-block-group is-layout-flow wp-container-core-group-is-layout-a360f6e0 wp-block-group-is-layout-flow\" style=\"padding-top:15px;padding-right:15px;padding-bottom:15px;padding-left:15px\"><div class=\"gspb_id-gsbp-e09663ac-f9d2 gspb-dynamic-post-title wp-block-greenshift-blocks-dynamic-post-title\"><h3 class=\"gspb-dynamic-title-element\">Souverainet\u00e9 alimentaire : ce que pr\u00e9voit r\u00e9ellement la feuille de route pr\u00e9sent\u00e9e au Salon de l\u2019Agriculture<\/h3><\/div>\n\n\n<div class=\"wp-block-group is-horizontal is-content-justification-left is-nowrap is-layout-flex wp-container-core-group-is-layout-69964be7 wp-block-group-is-layout-flex\"><div class=\"gspb_id-gsbp-522e665e-e77c gspb_meta wp-block-greenshift-blocks-meta\"><span class=\"gspb_meta_value\">25 f\u00e9vrier 2026<\/span><\/div><\/div>\n\n\n<div class=\"gspb_id-gsbp-2a994400-2650 gspb_meta wp-block-greenshift-blocks-meta\"><div class=\"gspb_meta_value\">C\u2019est au Salon international de l\u2019agriculture que la ministre de l\u2019Agriculture, Annie Genevard, a pr\u00e9sent\u00e9 les premi\u00e8res conclusions des Conf\u00e9rences de la souverainet\u00e9 alimentaire. Lanc\u00e9e officiellement en d\u00e9cembre, cette d\u00e9marche s\u2019inscrit dans le prolongement de la loi d\u2019orientation pour la souverainet\u00e9 alimentaire et le renouvellement des g\u00e9n\u00e9rations, adopt\u00e9e en 2025. L\u2019objectif affich\u00e9 est clair : [&hellip;]<\/div><\/div><\/div>\n\n    <\/li>\t\t\t\t\t\t\t\t\t\t\t\t\t                            \t\t\t\t\t\t\t\n<li class=\"gspbgrid_item swiper-slide  post-8909\">\n    <a class=\"gspbgrid_item_link\" title=\"DNC : l\u2019Espagne rouvre ses fronti\u00e8res aux bovins vaccin\u00e9s du Sud-Ouest, une bouff\u00e9e d\u2019air pour les \u00e9leveurs\" href=\"https:\/\/www.lagriculteur.fr\/blog\/dnc-lespagne-rouvre-ses-frontieres-aux-bovins-vaccines-du-sud-ouest-une-bouffee-dair-pour-les-eleveurs\/\"><\/a>            \n<div class=\"gspb_id-gsbp-40cda8cd-4acd gspb-dynamic-post-image wp-block-greenshift-blocks-dynamic-post-image\"><img decoding=\"async\" width=\"640\" height=\"427\" src=\"https:\/\/www.lagriculteur.fr\/blog\/wp-content\/uploads\/2026\/02\/img_0585-1.jpeg\" class=\" wp-post-image\" alt=\"img 0585\" loading=\"lazy\" srcset=\"https:\/\/www.lagriculteur.fr\/blog\/wp-content\/uploads\/2026\/02\/img_0585-1.jpeg 640w, https:\/\/www.lagriculteur.fr\/blog\/wp-content\/uploads\/2026\/02\/img_0585-1-300x200.jpeg 300w\" sizes=\"auto, (max-width: 640px) 100vw, 640px\" \/><\/div>\n\n\n<div class=\"wp-block-group is-layout-flow wp-container-core-group-is-layout-a360f6e0 wp-block-group-is-layout-flow\" style=\"padding-top:15px;padding-right:15px;padding-bottom:15px;padding-left:15px\"><div class=\"gspb_id-gsbp-e09663ac-f9d2 gspb-dynamic-post-title wp-block-greenshift-blocks-dynamic-post-title\"><h3 class=\"gspb-dynamic-title-element\">DNC : l\u2019Espagne rouvre ses fronti\u00e8res aux bovins vaccin\u00e9s du Sud-Ouest, une bouff\u00e9e d\u2019air pour les \u00e9leveurs<\/h3><\/div>\n\n\n<div class=\"wp-block-group is-horizontal is-content-justification-left is-nowrap is-layout-flex wp-container-core-group-is-layout-69964be7 wp-block-group-is-layout-flex\"><div class=\"gspb_id-gsbp-522e665e-e77c gspb_meta wp-block-greenshift-blocks-meta\"><span class=\"gspb_meta_value\">9 f\u00e9vrier 2026<\/span><\/div><\/div>\n\n\n<div class=\"gspb_id-gsbp-2a994400-2650 gspb_meta wp-block-greenshift-blocks-meta\"><div class=\"gspb_meta_value\">Bonne nouvelle pour les \u00e9leveurs bovins du Sud-Ouest : les exportations vers l\u2019Espagne vont pouvoir reprendre \u00e0 partir du mois de mars pour les animaux vaccin\u00e9s contre la dermatose nodulaire contagieuse (DNC). Une annonce tr\u00e8s attendue, apr\u00e8s plusieurs mois de blocages, de contraintes sanitaires et de pertes \u00e9conomiques sur les exploitations Une situation qui commen\u00e7ait [&hellip;]<\/div><\/div><\/div>\n\n    <\/li>\t\t\t\t\t\t\t\t\t\t\t\t\t                            \t\t\t\t\t\t\t\n<li class=\"gspbgrid_item swiper-slide  post-8896\">\n    <a class=\"gspbgrid_item_link\" title=\"Janvier en agriculture : enjeux \u00e9conomiques et r\u00e9glementaires pour les agriculteurs\" href=\"https:\/\/www.lagriculteur.fr\/blog\/janvier-en-agriculture-enjeux-economiques-et-reglementaires-pour-les-agriculteurs\/\"><\/a>            \n<div class=\"gspb_id-gsbp-40cda8cd-4acd gspb-dynamic-post-image wp-block-greenshift-blocks-dynamic-post-image\"><img decoding=\"async\" width=\"768\" height=\"513\" src=\"https:\/\/www.lagriculteur.fr\/blog\/wp-content\/uploads\/2026\/01\/agriculture-janvier-768x513.jpg\" class=\" wp-post-image\" alt=\"agriculture janvier\" loading=\"lazy\" srcset=\"https:\/\/www.lagriculteur.fr\/blog\/wp-content\/uploads\/2026\/01\/agriculture-janvier-768x513.jpg 768w, https:\/\/www.lagriculteur.fr\/blog\/wp-content\/uploads\/2026\/01\/agriculture-janvier-300x200.jpg 300w, https:\/\/www.lagriculteur.fr\/blog\/wp-content\/uploads\/2026\/01\/agriculture-janvier-1024x684.jpg 1024w, https:\/\/www.lagriculteur.fr\/blog\/wp-content\/uploads\/2026\/01\/agriculture-janvier.jpg 1280w\" sizes=\"auto, (max-width: 768px) 100vw, 768px\" \/><\/div>\n\n\n<div class=\"wp-block-group is-layout-flow wp-container-core-group-is-layout-a360f6e0 wp-block-group-is-layout-flow\" style=\"padding-top:15px;padding-right:15px;padding-bottom:15px;padding-left:15px\"><div class=\"gspb_id-gsbp-e09663ac-f9d2 gspb-dynamic-post-title wp-block-greenshift-blocks-dynamic-post-title\"><h3 class=\"gspb-dynamic-title-element\">Janvier en agriculture : enjeux \u00e9conomiques et r\u00e9glementaires pour les agriculteurs<\/h3><\/div>\n\n\n<div class=\"wp-block-group is-horizontal is-content-justification-left is-nowrap is-layout-flex wp-container-core-group-is-layout-69964be7 wp-block-group-is-layout-flex\"><div class=\"gspb_id-gsbp-522e665e-e77c gspb_meta wp-block-greenshift-blocks-meta\"><span class=\"gspb_meta_value\">10 janvier 2026<\/span><\/div><\/div>\n\n\n<div class=\"gspb_id-gsbp-2a994400-2650 gspb_meta wp-block-greenshift-blocks-meta\"><div class=\"gspb_meta_value\">Janvier, un mois strat\u00e9gique au-del\u00e0 du terrain Si le mois de janvier est souvent associ\u00e9 \u00e0 une baisse d\u2019activit\u00e9 sur les parcelles, il constitue en r\u00e9alit\u00e9 une p\u00e9riode cruciale pour la gestion globale des exploitations agricoles. Loin des semis et des r\u00e9coltes, c\u2019est un temps fort pour analyser, anticiper et s\u00e9curiser l\u2019avenir \u00e9conomique et r\u00e9glementaire [&hellip;]<\/div><\/div><\/div>\n\n    <\/li>\t\t\t\t\t\t\t\t\t\t\t\t\t                            \t\t\t\t\t\t\t\n<li class=\"gspbgrid_item swiper-slide  post-8867\">\n    <a class=\"gspbgrid_item_link\" title=\"Gestion des sols en hiver : pourquoi et comment pr\u00e9parer son sol pour le printemps?\" href=\"https:\/\/www.lagriculteur.fr\/blog\/gestion-des-sols-en-hiver-pourquoi-et-comment-preparer-son-sol-pour-le-printemps\/\"><\/a>            \n<div class=\"gspb_id-gsbp-40cda8cd-4acd gspb-dynamic-post-image wp-block-greenshift-blocks-dynamic-post-image\"><img decoding=\"async\" width=\"768\" height=\"512\" src=\"https:\/\/www.lagriculteur.fr\/blog\/wp-content\/uploads\/2026\/01\/champ-enneige-vide-avec-brouillard-et-arbres-au-loin-768x512.jpg\" class=\" wp-post-image\" alt=\"\" loading=\"lazy\" srcset=\"https:\/\/www.lagriculteur.fr\/blog\/wp-content\/uploads\/2026\/01\/champ-enneige-vide-avec-brouillard-et-arbres-au-loin-768x512.jpg 768w, https:\/\/www.lagriculteur.fr\/blog\/wp-content\/uploads\/2026\/01\/champ-enneige-vide-avec-brouillard-et-arbres-au-loin-300x200.jpg 300w, https:\/\/www.lagriculteur.fr\/blog\/wp-content\/uploads\/2026\/01\/champ-enneige-vide-avec-brouillard-et-arbres-au-loin-1024x683.jpg 1024w, https:\/\/www.lagriculteur.fr\/blog\/wp-content\/uploads\/2026\/01\/champ-enneige-vide-avec-brouillard-et-arbres-au-loin-1536x1024.jpg 1536w, https:\/\/www.lagriculteur.fr\/blog\/wp-content\/uploads\/2026\/01\/champ-enneige-vide-avec-brouillard-et-arbres-au-loin-2048x1365.jpg 2048w\" sizes=\"auto, (max-width: 768px) 100vw, 768px\" \/><\/div>\n\n\n<div class=\"wp-block-group is-layout-flow wp-container-core-group-is-layout-a360f6e0 wp-block-group-is-layout-flow\" style=\"padding-top:15px;padding-right:15px;padding-bottom:15px;padding-left:15px\"><div class=\"gspb_id-gsbp-e09663ac-f9d2 gspb-dynamic-post-title wp-block-greenshift-blocks-dynamic-post-title\"><h3 class=\"gspb-dynamic-title-element\">Gestion des sols en hiver : pourquoi et comment pr\u00e9parer son sol pour le printemps?<\/h3><\/div>\n\n\n<div class=\"wp-block-group is-horizontal is-content-justification-left is-nowrap is-layout-flex wp-container-core-group-is-layout-69964be7 wp-block-group-is-layout-flex\"><div class=\"gspb_id-gsbp-522e665e-e77c gspb_meta wp-block-greenshift-blocks-meta\"><span class=\"gspb_meta_value\">6 janvier 2026<\/span><\/div><\/div>\n\n\n<div class=\"gspb_id-gsbp-2a994400-2650 gspb_meta wp-block-greenshift-blocks-meta\"><div class=\"gspb_meta_value\">L\u2019hiver, une p\u00e9riode cl\u00e9 pour la sant\u00e9 des sols En agriculture, le sol est bien plus qu\u2019un simple support de culture. Il constitue un v\u00e9ritable \u00e9cosyst\u00e8me vivant, au c\u0153ur de la performance agronomique et \u00e9conomique des exploitations. Pourtant, la p\u00e9riode hivernale est encore trop souvent per\u00e7ue comme un temps d\u2019inactivit\u00e9 pour les sols. En r\u00e9alit\u00e9, [&hellip;]<\/div><\/div><\/div>\n\n    <\/li>\t\t\t\t\t\t\t\t\t\t\t\t\t                            \t\t\t\t\t\t\t\n<li class=\"gspbgrid_item swiper-slide  post-8851\">\n    <a class=\"gspbgrid_item_link\" title=\"Planifier sa saison agricole d\u00e8s janvier : \u00e9tapes cl\u00e9s pour optimiser son exploitation\" href=\"https:\/\/www.lagriculteur.fr\/blog\/planifier-sa-saison-agricole-des-janvier-etapes-cles-pour-optimiser-son-exploitation\/\"><\/a>            \n<div class=\"gspb_id-gsbp-40cda8cd-4acd gspb-dynamic-post-image wp-block-greenshift-blocks-dynamic-post-image\"><img decoding=\"async\" width=\"768\" height=\"512\" src=\"https:\/\/www.lagriculteur.fr\/blog\/wp-content\/uploads\/2026\/01\/agriculture-hiver-768x512.jpg\" class=\" wp-post-image\" alt=\"agriculture hiver\" loading=\"lazy\" srcset=\"https:\/\/www.lagriculteur.fr\/blog\/wp-content\/uploads\/2026\/01\/agriculture-hiver-768x512.jpg 768w, https:\/\/www.lagriculteur.fr\/blog\/wp-content\/uploads\/2026\/01\/agriculture-hiver-300x200.jpg 300w, https:\/\/www.lagriculteur.fr\/blog\/wp-content\/uploads\/2026\/01\/agriculture-hiver-1024x682.jpg 1024w, https:\/\/www.lagriculteur.fr\/blog\/wp-content\/uploads\/2026\/01\/agriculture-hiver.jpg 1280w\" sizes=\"auto, (max-width: 768px) 100vw, 768px\" \/><\/div>\n\n\n<div class=\"wp-block-group is-layout-flow wp-container-core-group-is-layout-a360f6e0 wp-block-group-is-layout-flow\" style=\"padding-top:15px;padding-right:15px;padding-bottom:15px;padding-left:15px\"><div class=\"gspb_id-gsbp-e09663ac-f9d2 gspb-dynamic-post-title wp-block-greenshift-blocks-dynamic-post-title\"><h3 class=\"gspb-dynamic-title-element\">Planifier sa saison agricole d\u00e8s janvier : \u00e9tapes cl\u00e9s pour optimiser son exploitation<\/h3><\/div>\n\n\n<div class=\"wp-block-group is-horizontal is-content-justification-left is-nowrap is-layout-flex wp-container-core-group-is-layout-69964be7 wp-block-group-is-layout-flex\"><div class=\"gspb_id-gsbp-522e665e-e77c gspb_meta wp-block-greenshift-blocks-meta\"><span class=\"gspb_meta_value\">6 janvier 2026<\/span><\/div><\/div>\n\n\n<div class=\"gspb_id-gsbp-2a994400-2650 gspb_meta wp-block-greenshift-blocks-meta\"><div class=\"gspb_meta_value\">Janvier, le point de d\u00e9part d\u2019une saison r\u00e9ussie En agriculture, une saison ne se joue pas uniquement au moment des semis ou des r\u00e9coltes. Elle se pr\u00e9pare bien en amont. Le mois de janvier, souvent per\u00e7u comme une p\u00e9riode plus calme sur le terrain, est en r\u00e9alit\u00e9 un moment strat\u00e9gique pour les agriculteurs. C\u2019est le [&hellip;]<\/div><\/div><\/div>\n\n    <\/li>\t\t\t\t\t\t\t\t\t\t\t\t\t                            \t\t\t\t\t\t\t\n<li class=\"gspbgrid_item swiper-slide  post-8603\">\n    <a class=\"gspbgrid_item_link\" title=\"Massey Ferguson : Un engagement renouvel\u00e9 pour les agriculteurs avec le programme MF Always Running\" href=\"https:\/\/www.lagriculteur.fr\/blog\/massey-ferguson-un-engagement-renouvele-pour-les-agriculteurs-avec-le-programme-mf-always-running\/\"><\/a>            \n<div class=\"gspb_id-gsbp-40cda8cd-4acd gspb-dynamic-post-image wp-block-greenshift-blocks-dynamic-post-image\"><img decoding=\"async\" width=\"620\" height=\"289\" src=\"https:\/\/www.lagriculteur.fr\/blog\/wp-content\/uploads\/2024\/08\/mf-t.png\" class=\" wp-post-image\" alt=\"mf t\" loading=\"lazy\" srcset=\"https:\/\/www.lagriculteur.fr\/blog\/wp-content\/uploads\/2024\/08\/mf-t.png 620w, https:\/\/www.lagriculteur.fr\/blog\/wp-content\/uploads\/2024\/08\/mf-t-300x140.png 300w\" sizes=\"auto, (max-width: 620px) 100vw, 620px\" \/><\/div>\n\n\n<div class=\"wp-block-group is-layout-flow wp-container-core-group-is-layout-a360f6e0 wp-block-group-is-layout-flow\" style=\"padding-top:15px;padding-right:15px;padding-bottom:15px;padding-left:15px\"><div class=\"gspb_id-gsbp-e09663ac-f9d2 gspb-dynamic-post-title wp-block-greenshift-blocks-dynamic-post-title\"><h3 class=\"gspb-dynamic-title-element\">Massey Ferguson : Un engagement renouvel\u00e9 pour les agriculteurs avec le programme MF Always Running<\/h3><\/div>\n\n\n<div class=\"wp-block-group is-horizontal is-content-justification-left is-nowrap is-layout-flex wp-container-core-group-is-layout-69964be7 wp-block-group-is-layout-flex\"><div class=\"gspb_id-gsbp-522e665e-e77c gspb_meta wp-block-greenshift-blocks-meta\"><span class=\"gspb_meta_value\">12 ao\u00fbt 2024<\/span><\/div><\/div>\n\n\n<div class=\"gspb_id-gsbp-2a994400-2650 gspb_meta wp-block-greenshift-blocks-meta\"><div class=\"gspb_meta_value\">Le monde agricole est en constante \u00e9volution, et les besoins des agriculteurs en mati\u00e8re d&rsquo;\u00e9quipement sont plus exigeants que jamais. Face \u00e0 cette r\u00e9alit\u00e9, Massey Ferguson, un acteur incontournable du secteur des machines agricoles, continue d&rsquo;innover pour offrir \u00e0 ses clients un service toujours plus adapt\u00e9 \u00e0 leurs exigences. Parmi ces innovations, le programme MF [&hellip;]<\/div><\/div><\/div>\n\n    <\/li>\t\t\t\t\t\t\t\t\t\t\t\t\t                            \t\t\t\t\t\t\t\n<li class=\"gspbgrid_item swiper-slide  post-8597\">\n    <a class=\"gspbgrid_item_link\" title=\"Moisson 2024 : une ann\u00e9e de d\u00e9fis pour les agriculteurs\" href=\"https:\/\/www.lagriculteur.fr\/blog\/moisson-2024-une-annee-de-defis-pour-les-agriculteurs\/\"><\/a>            \n<div class=\"gspb_id-gsbp-40cda8cd-4acd gspb-dynamic-post-image wp-block-greenshift-blocks-dynamic-post-image\"><img decoding=\"async\" width=\"768\" height=\"508\" src=\"https:\/\/www.lagriculteur.fr\/blog\/wp-content\/uploads\/2023\/11\/moisson-768x508.jpg\" class=\" wp-post-image\" alt=\"moisson\" loading=\"lazy\" srcset=\"https:\/\/www.lagriculteur.fr\/blog\/wp-content\/uploads\/2023\/11\/moisson-768x508.jpg 768w, https:\/\/www.lagriculteur.fr\/blog\/wp-content\/uploads\/2023\/11\/moisson-300x198.jpg 300w, https:\/\/www.lagriculteur.fr\/blog\/wp-content\/uploads\/2023\/11\/moisson-1024x677.jpg 1024w, https:\/\/www.lagriculteur.fr\/blog\/wp-content\/uploads\/2023\/11\/moisson.jpg 1280w\" sizes=\"auto, (max-width: 768px) 100vw, 768px\" \/><\/div>\n\n\n<div class=\"wp-block-group is-layout-flow wp-container-core-group-is-layout-a360f6e0 wp-block-group-is-layout-flow\" style=\"padding-top:15px;padding-right:15px;padding-bottom:15px;padding-left:15px\"><div class=\"gspb_id-gsbp-e09663ac-f9d2 gspb-dynamic-post-title wp-block-greenshift-blocks-dynamic-post-title\"><h3 class=\"gspb-dynamic-title-element\">Moisson 2024 : une ann\u00e9e de d\u00e9fis pour les agriculteurs<\/h3><\/div>\n\n\n<div class=\"wp-block-group is-horizontal is-content-justification-left is-nowrap is-layout-flex wp-container-core-group-is-layout-69964be7 wp-block-group-is-layout-flex\"><div class=\"gspb_id-gsbp-522e665e-e77c gspb_meta wp-block-greenshift-blocks-meta\"><span class=\"gspb_meta_value\">30 juillet 2024<\/span><\/div><\/div>\n\n\n<div class=\"gspb_id-gsbp-2a994400-2650 gspb_meta wp-block-greenshift-blocks-meta\"><div class=\"gspb_meta_value\">La moisson 2024 s&rsquo;annonce particuli\u00e8rement difficile pour les agriculteurs de Seine-et-Marne et de nombreuses autres r\u00e9gions en France. En raison des conditions m\u00e9t\u00e9orologiques d\u00e9favorables, les rendements des cultures c\u00e9r\u00e9ali\u00e8res sont en baisse significative, rappelant les difficult\u00e9s rencontr\u00e9es en 2016. Un printemps pluvieux et un \u00e9t\u00e9 maussade Les conditions m\u00e9t\u00e9orologiques de cette ann\u00e9e ont \u00e9t\u00e9 particuli\u00e8rement [&hellip;]<\/div><\/div><\/div>\n\n    <\/li>\t\t\t\t\t\t\t\t\t\t\t\t\t                            \t\t\t\t\t\t\t\n<li class=\"gspbgrid_item swiper-slide  post-8585\">\n    <a class=\"gspbgrid_item_link\" title=\"L\u2019Homologation des herbicides par drone : une r\u00e9volution en cours\" href=\"https:\/\/www.lagriculteur.fr\/blog\/lhomologation-des-herbicides-par-drone-une-revolution-en-cours\/\"><\/a>            \n<div class=\"gspb_id-gsbp-40cda8cd-4acd gspb-dynamic-post-image wp-block-greenshift-blocks-dynamic-post-image\"><img decoding=\"async\" width=\"524\" height=\"316\" src=\"https:\/\/www.lagriculteur.fr\/blog\/wp-content\/uploads\/2024\/05\/herbicide.png\" class=\" wp-post-image\" alt=\"herbicide\" loading=\"lazy\" srcset=\"https:\/\/www.lagriculteur.fr\/blog\/wp-content\/uploads\/2024\/05\/herbicide.png 524w, https:\/\/www.lagriculteur.fr\/blog\/wp-content\/uploads\/2024\/05\/herbicide-300x181.png 300w\" sizes=\"auto, (max-width: 524px) 100vw, 524px\" \/><\/div>\n\n\n<div class=\"wp-block-group is-layout-flow wp-container-core-group-is-layout-a360f6e0 wp-block-group-is-layout-flow\" style=\"padding-top:15px;padding-right:15px;padding-bottom:15px;padding-left:15px\"><div class=\"gspb_id-gsbp-e09663ac-f9d2 gspb-dynamic-post-title wp-block-greenshift-blocks-dynamic-post-title\"><h3 class=\"gspb-dynamic-title-element\">L\u2019Homologation des herbicides par drone : une r\u00e9volution en cours<\/h3><\/div>\n\n\n<div class=\"wp-block-group is-horizontal is-content-justification-left is-nowrap is-layout-flex wp-container-core-group-is-layout-69964be7 wp-block-group-is-layout-flex\"><div class=\"gspb_id-gsbp-522e665e-e77c gspb_meta wp-block-greenshift-blocks-meta\"><span class=\"gspb_meta_value\">29 juillet 2024<\/span><\/div><\/div>\n\n\n<div class=\"gspb_id-gsbp-2a994400-2650 gspb_meta wp-block-greenshift-blocks-meta\"><div class=\"gspb_meta_value\">L&rsquo;usage des drones en agriculture suscite un int\u00e9r\u00eat croissant parmi les agriculteurs et les professionnels du secteur. La r\u00e9cente homologation par Sant\u00e9 Canada de l&rsquo;herbicide Garlon XRT pour une application par drone marque une avanc\u00e9e significative, bien que limit\u00e9e pour le moment aux zones non agricoles. Une premi\u00e8re mondiale Le Garlon XRT, produit par Corteva [&hellip;]<\/div><\/div><\/div>\n\n    <\/li>\t\t\t\t\t\t\t\t\t\t\t\t\t                            \t\t\t\t\t\t\t\n<li class=\"gspbgrid_item swiper-slide  post-8560\">\n    <a class=\"gspbgrid_item_link\" title=\"La r\u00e9colte de bl\u00e9 tendre en 2024 : une ann\u00e9e difficile pour les agriculteurs Fran\u00e7ais\" href=\"https:\/\/www.lagriculteur.fr\/blog\/la-recolte-de-ble-tendre-en-2024-une-annee-difficile-pour-les-agriculteurs-francais\/\"><\/a>            \n<div class=\"gspb_id-gsbp-40cda8cd-4acd gspb-dynamic-post-image wp-block-greenshift-blocks-dynamic-post-image\"><img decoding=\"async\" width=\"768\" height=\"509\" src=\"https:\/\/www.lagriculteur.fr\/blog\/wp-content\/uploads\/2024\/07\/ears-of-corn-7325780_1280-768x509.jpg\" class=\" wp-post-image\" alt=\"ears of corn 7325780 1280\" loading=\"lazy\" srcset=\"https:\/\/www.lagriculteur.fr\/blog\/wp-content\/uploads\/2024\/07\/ears-of-corn-7325780_1280-768x509.jpg 768w, https:\/\/www.lagriculteur.fr\/blog\/wp-content\/uploads\/2024\/07\/ears-of-corn-7325780_1280-300x199.jpg 300w, https:\/\/www.lagriculteur.fr\/blog\/wp-content\/uploads\/2024\/07\/ears-of-corn-7325780_1280-1024x678.jpg 1024w, https:\/\/www.lagriculteur.fr\/blog\/wp-content\/uploads\/2024\/07\/ears-of-corn-7325780_1280.jpg 1280w\" sizes=\"auto, (max-width: 768px) 100vw, 768px\" \/><\/div>\n\n\n<div class=\"wp-block-group is-layout-flow wp-container-core-group-is-layout-a360f6e0 wp-block-group-is-layout-flow\" style=\"padding-top:15px;padding-right:15px;padding-bottom:15px;padding-left:15px\"><div class=\"gspb_id-gsbp-e09663ac-f9d2 gspb-dynamic-post-title wp-block-greenshift-blocks-dynamic-post-title\"><h3 class=\"gspb-dynamic-title-element\">La r\u00e9colte de bl\u00e9 tendre en 2024 : une ann\u00e9e difficile pour les agriculteurs Fran\u00e7ais<\/h3><\/div>\n\n\n<div class=\"wp-block-group is-horizontal is-content-justification-left is-nowrap is-layout-flex wp-container-core-group-is-layout-69964be7 wp-block-group-is-layout-flex\"><div class=\"gspb_id-gsbp-522e665e-e77c gspb_meta wp-block-greenshift-blocks-meta\"><span class=\"gspb_meta_value\">10 juillet 2024<\/span><\/div><\/div>\n\n\n<div class=\"gspb_id-gsbp-2a994400-2650 gspb_meta wp-block-greenshift-blocks-meta\"><div class=\"gspb_meta_value\">La r\u00e9colte de bl\u00e9 tendre en France en 2024 s&rsquo;annonce comme une des plus basses de ces vingt derni\u00e8res ann\u00e9es. Le minist\u00e8re de l&rsquo;Agriculture estime la production \u00e0 29,7 millions de tonnes, soit une diminution de 15,4 % par rapport \u00e0 2023. Ce chiffre place 2024 parmi les trois plus faibles r\u00e9coltes depuis 2000, aux [&hellip;]<\/div><\/div><\/div>\n\n    <\/li>\t\t\t\t\t\t\t\t\t\t\t\t\t                            \t\t\t\t\t\t\t\n<li class=\"gspbgrid_item swiper-slide  post-8208\">\n    <a class=\"gspbgrid_item_link\" title=\"L&rsquo;incident de cybers\u00e9curit\u00e9 chez Lemken\" href=\"https:\/\/www.lagriculteur.fr\/blog\/lincident-de-cybersecurite-chez-lemken\/\"><\/a>            \n<div class=\"gspb_id-gsbp-40cda8cd-4acd gspb-dynamic-post-image wp-block-greenshift-blocks-dynamic-post-image\"><img decoding=\"async\" width=\"299\" height=\"73\" src=\"https:\/\/www.lagriculteur.fr\/blog\/wp-content\/uploads\/2024\/05\/lemken.png\" class=\" wp-post-image\" alt=\"lemken\" loading=\"lazy\" \/><\/div>\n\n\n<div class=\"wp-block-group is-layout-flow wp-container-core-group-is-layout-a360f6e0 wp-block-group-is-layout-flow\" style=\"padding-top:15px;padding-right:15px;padding-bottom:15px;padding-left:15px\"><div class=\"gspb_id-gsbp-e09663ac-f9d2 gspb-dynamic-post-title wp-block-greenshift-blocks-dynamic-post-title\"><h3 class=\"gspb-dynamic-title-element\">L&rsquo;incident de cybers\u00e9curit\u00e9 chez Lemken<\/h3><\/div>\n\n\n<div class=\"wp-block-group is-horizontal is-content-justification-left is-nowrap is-layout-flex wp-container-core-group-is-layout-69964be7 wp-block-group-is-layout-flex\"><div class=\"gspb_id-gsbp-522e665e-e77c gspb_meta wp-block-greenshift-blocks-meta\"><span class=\"gspb_meta_value\">22 mai 2024<\/span><\/div><\/div>\n\n\n<div class=\"gspb_id-gsbp-2a994400-2650 gspb_meta wp-block-greenshift-blocks-meta\"><div class=\"gspb_meta_value\">Le 11 mai, Lemken, une entreprise allemande r\u00e9put\u00e9e dans le domaine des machines agricoles, a \u00e9t\u00e9 la cible d&rsquo;une attaque informatique majeure affectant l&rsquo;ensemble de ses installations \u00e0 travers le monde. Ce coup dur pour Lemken a entra\u00een\u00e9 l&rsquo;arr\u00eat imm\u00e9diat de toutes les op\u00e9rations de production, obligeant l&rsquo;entreprise \u00e0 une halte pour \u00e9valuer et contenir [&hellip;]<\/div><\/div><\/div>\n\n    <\/li>\t\t\t\t\t\t\t\t\t\t\t\t\t                            \t\t\t\t\t\t\t\n<li class=\"gspbgrid_item swiper-slide  post-8194\">\n    <a class=\"gspbgrid_item_link\" title=\"Dephy Expe 2 : \u00e9volution et impact des exp\u00e9rimentations agro-\u00e9cologiques\" href=\"https:\/\/www.lagriculteur.fr\/blog\/dephy-expe-2-evolution-et-impact-des-experimentations-agro-ecologiques\/\"><\/a>            \n<div class=\"gspb_id-gsbp-40cda8cd-4acd gspb-dynamic-post-image wp-block-greenshift-blocks-dynamic-post-image\"><img decoding=\"async\" width=\"768\" height=\"171\" src=\"https:\/\/www.lagriculteur.fr\/blog\/wp-content\/uploads\/2024\/05\/dephy-768x171.png\" class=\" wp-post-image\" alt=\"dephy\" loading=\"lazy\" srcset=\"https:\/\/www.lagriculteur.fr\/blog\/wp-content\/uploads\/2024\/05\/dephy-768x171.png 768w, https:\/\/www.lagriculteur.fr\/blog\/wp-content\/uploads\/2024\/05\/dephy-300x67.png 300w, https:\/\/www.lagriculteur.fr\/blog\/wp-content\/uploads\/2024\/05\/dephy.png 849w\" sizes=\"auto, (max-width: 768px) 100vw, 768px\" \/><\/div>\n\n\n<div class=\"wp-block-group is-layout-flow wp-container-core-group-is-layout-a360f6e0 wp-block-group-is-layout-flow\" style=\"padding-top:15px;padding-right:15px;padding-bottom:15px;padding-left:15px\"><div class=\"gspb_id-gsbp-e09663ac-f9d2 gspb-dynamic-post-title wp-block-greenshift-blocks-dynamic-post-title\"><h3 class=\"gspb-dynamic-title-element\">Dephy Expe 2 : \u00e9volution et impact des exp\u00e9rimentations agro-\u00e9cologiques<\/h3><\/div>\n\n\n<div class=\"wp-block-group is-horizontal is-content-justification-left is-nowrap is-layout-flex wp-container-core-group-is-layout-69964be7 wp-block-group-is-layout-flex\"><div class=\"gspb_id-gsbp-522e665e-e77c gspb_meta wp-block-greenshift-blocks-meta\"><span class=\"gspb_meta_value\">21 mai 2024<\/span><\/div><\/div>\n\n\n<div class=\"gspb_id-gsbp-2a994400-2650 gspb_meta wp-block-greenshift-blocks-meta\"><div class=\"gspb_meta_value\">&nbsp;Introduction au programme Dephy Expe Le r\u00e9seau Dephy Expe, mis en \u0153uvre dans le cadre du plan Ecophyto 2 lanc\u00e9 en 2015, s&rsquo;est \u00e9tabli comme un pilier dans la transition vers une agriculture moins d\u00e9pendante des produits phytosanitaires. En r\u00e9ponse \u00e0 la n\u00e9cessit\u00e9 de r\u00e9duire l&rsquo;impact environnemental de l&rsquo;agriculture tout en conservant sa viabilit\u00e9 \u00e9conomique, [&hellip;]<\/div><\/div><\/div>\n\n    <\/li>\t\t\t\t\t\t\t\t\t\t\t\t\t                            \t\t\t\t\t\t\t\n<li class=\"gspbgrid_item swiper-slide  post-7906\">\n    <a class=\"gspbgrid_item_link\" title=\"Nouvelles initiatives du Gouvernement pour soutenir les Agriculteurs Fran\u00e7ais\" href=\"https:\/\/www.lagriculteur.fr\/blog\/nouvelles-initiatives-du-gouvernement-pour-soutenir-les-agriculteurs-francais\/\"><\/a>            \n<div class=\"gspb_id-gsbp-40cda8cd-4acd gspb-dynamic-post-image wp-block-greenshift-blocks-dynamic-post-image\"><img decoding=\"async\" width=\"649\" height=\"296\" src=\"https:\/\/www.lagriculteur.fr\/blog\/wp-content\/uploads\/2024\/04\/attal.png\" class=\" wp-post-image\" alt=\"attal\" loading=\"lazy\" srcset=\"https:\/\/www.lagriculteur.fr\/blog\/wp-content\/uploads\/2024\/04\/attal.png 649w, https:\/\/www.lagriculteur.fr\/blog\/wp-content\/uploads\/2024\/04\/attal-300x137.png 300w\" sizes=\"auto, (max-width: 649px) 100vw, 649px\" \/><\/div>\n\n\n<div class=\"wp-block-group is-layout-flow wp-container-core-group-is-layout-a360f6e0 wp-block-group-is-layout-flow\" style=\"padding-top:15px;padding-right:15px;padding-bottom:15px;padding-left:15px\"><div class=\"gspb_id-gsbp-e09663ac-f9d2 gspb-dynamic-post-title wp-block-greenshift-blocks-dynamic-post-title\"><h3 class=\"gspb-dynamic-title-element\">Nouvelles initiatives du Gouvernement pour soutenir les Agriculteurs Fran\u00e7ais<\/h3><\/div>\n\n\n<div class=\"wp-block-group is-horizontal is-content-justification-left is-nowrap is-layout-flex wp-container-core-group-is-layout-69964be7 wp-block-group-is-layout-flex\"><div class=\"gspb_id-gsbp-522e665e-e77c gspb_meta wp-block-greenshift-blocks-meta\"><span class=\"gspb_meta_value\">29 avril 2024<\/span><\/div><\/div>\n\n\n<div class=\"gspb_id-gsbp-2a994400-2650 gspb_meta wp-block-greenshift-blocks-meta\"><div class=\"gspb_meta_value\">Le 27 avril 2024, Gabriel Attal, le Premier ministre fran\u00e7ais, a annonc\u00e9 une s\u00e9rie de mesures renforc\u00e9es visant \u00e0 soutenir les agriculteurs du pays face \u00e0 des d\u00e9fis \u00e9conomiques et environnementaux accrus. Ces initiatives interviennent en r\u00e9ponse \u00e0 des crises multiples, marqu\u00e9es par des conditions m\u00e9t\u00e9orologiques extr\u00eames et des difficult\u00e9s \u00e9conomiques notables. Renforcement de la [&hellip;]<\/div><\/div><\/div>\n\n    <\/li>\t\t\t\t\t\t\t\t\t\t\t\t\t                            \t\t\t\t\t\t\t\n<li class=\"gspbgrid_item swiper-slide  post-7835\">\n    <a class=\"gspbgrid_item_link\" title=\"R\u00e9volution dans les champs : le John Deere 9RX 830 d\u00e9fie les limites de la puissance\" href=\"https:\/\/www.lagriculteur.fr\/blog\/revolution-dans-les-champs-le-john-deere-9rx-830-defie-les-limites-de-la-puissance\/\"><\/a>            \n<div class=\"gspb_id-gsbp-40cda8cd-4acd gspb-dynamic-post-image wp-block-greenshift-blocks-dynamic-post-image\"><img decoding=\"async\" width=\"613\" height=\"348\" src=\"https:\/\/www.lagriculteur.fr\/blog\/wp-content\/uploads\/2024\/02\/9rx.png\" class=\" wp-post-image\" alt=\"9rx\" loading=\"lazy\" srcset=\"https:\/\/www.lagriculteur.fr\/blog\/wp-content\/uploads\/2024\/02\/9rx.png 613w, https:\/\/www.lagriculteur.fr\/blog\/wp-content\/uploads\/2024\/02\/9rx-300x170.png 300w\" sizes=\"auto, (max-width: 613px) 100vw, 613px\" \/><\/div>\n\n\n<div class=\"wp-block-group is-layout-flow wp-container-core-group-is-layout-a360f6e0 wp-block-group-is-layout-flow\" style=\"padding-top:15px;padding-right:15px;padding-bottom:15px;padding-left:15px\"><div class=\"gspb_id-gsbp-e09663ac-f9d2 gspb-dynamic-post-title wp-block-greenshift-blocks-dynamic-post-title\"><h3 class=\"gspb-dynamic-title-element\">R\u00e9volution dans les champs : le John Deere 9RX 830 d\u00e9fie les limites de la puissance<\/h3><\/div>\n\n\n<div class=\"wp-block-group is-horizontal is-content-justification-left is-nowrap is-layout-flex wp-container-core-group-is-layout-69964be7 wp-block-group-is-layout-flex\"><div class=\"gspb_id-gsbp-522e665e-e77c gspb_meta wp-block-greenshift-blocks-meta\"><span class=\"gspb_meta_value\">28 f\u00e9vrier 2024<\/span><\/div><\/div>\n\n\n<div class=\"gspb_id-gsbp-2a994400-2650 gspb_meta wp-block-greenshift-blocks-meta\"><div class=\"gspb_meta_value\">Dans le monde de l&rsquo;agriculture moderne, o\u00f9 la puissance et l&rsquo;efficacit\u00e9 d\u00e9finissent le succ\u00e8s, John Deere vient d&rsquo;\u00e9lever les standards de l&rsquo;agriculture de haute performance avec l&rsquo;introduction de son nouveau tracteur phare, le 9RX 830, une v\u00e9ritable force de la nature dot\u00e9e de 830 chevaux. Ce dernier ajout \u00e0 la prestigieuse gamme 9RX marque une [&hellip;]<\/div><\/div><\/div>\n\n    <\/li>\t\t\t\t\t\t\t\t\t\t\t\t\t                            \t\t\t\t\t\t\t\n<li class=\"gspbgrid_item swiper-slide  post-7823\">\n    <a class=\"gspbgrid_item_link\" title=\"John Deere et SpaceX : R\u00e9volutionner l&rsquo;agriculture gr\u00e2ce \u00e0 la connectivit\u00e9 Starlink\" href=\"https:\/\/www.lagriculteur.fr\/blog\/john-deere-et-spacex-revolutionner-lagriculture-grace-a-la-connectivite-starlink\/\"><\/a>            \n<div class=\"gspb_id-gsbp-40cda8cd-4acd gspb-dynamic-post-image wp-block-greenshift-blocks-dynamic-post-image\"><img decoding=\"async\" width=\"606\" height=\"251\" src=\"https:\/\/www.lagriculteur.fr\/blog\/wp-content\/uploads\/2024\/02\/jd-ft-spacex.png\" class=\" wp-post-image\" alt=\"jd ft spacex\" loading=\"lazy\" srcset=\"https:\/\/www.lagriculteur.fr\/blog\/wp-content\/uploads\/2024\/02\/jd-ft-spacex.png 606w, https:\/\/www.lagriculteur.fr\/blog\/wp-content\/uploads\/2024\/02\/jd-ft-spacex-300x124.png 300w\" sizes=\"auto, (max-width: 606px) 100vw, 606px\" \/><\/div>\n\n\n<div class=\"wp-block-group is-layout-flow wp-container-core-group-is-layout-a360f6e0 wp-block-group-is-layout-flow\" style=\"padding-top:15px;padding-right:15px;padding-bottom:15px;padding-left:15px\"><div class=\"gspb_id-gsbp-e09663ac-f9d2 gspb-dynamic-post-title wp-block-greenshift-blocks-dynamic-post-title\"><h3 class=\"gspb-dynamic-title-element\">John Deere et SpaceX : R\u00e9volutionner l&rsquo;agriculture gr\u00e2ce \u00e0 la connectivit\u00e9 Starlink<\/h3><\/div>\n\n\n<div class=\"wp-block-group is-horizontal is-content-justification-left is-nowrap is-layout-flex wp-container-core-group-is-layout-69964be7 wp-block-group-is-layout-flex\"><div class=\"gspb_id-gsbp-522e665e-e77c gspb_meta wp-block-greenshift-blocks-meta\"><span class=\"gspb_meta_value\">27 f\u00e9vrier 2024<\/span><\/div><\/div>\n\n\n<div class=\"gspb_id-gsbp-2a994400-2650 gspb_meta wp-block-greenshift-blocks-meta\"><div class=\"gspb_meta_value\">Dans une \u00e8re o\u00f9 la technologie bouleverse tous les secteurs, l&rsquo;agriculture n&rsquo;est pas en reste. Un d\u00e9veloppement r\u00e9cent promet de propulser ce secteur traditionnel dans le futur gr\u00e2ce \u00e0 une collaboration entre deux g\u00e9ants de l&rsquo;industrie : John Deere, leader incontest\u00e9 dans la fabrication de mat\u00e9riel agricole, et SpaceX, pionnier de l&rsquo;exploration spatiale et des [&hellip;]<\/div><\/div><\/div>\n\n    <\/li>\t\t\t\t\t\t\t\t\t\t\t\t\t                            \t\t\t\t\t\t\t\n<li class=\"gspbgrid_item swiper-slide  post-7671\">\n    <a class=\"gspbgrid_item_link\" title=\"SIMA 2024 annul\u00e9 : Un tournant d\u00e9cisif pour l&rsquo;avenir de l&rsquo;agro\u00e9quipement\" href=\"https:\/\/www.lagriculteur.fr\/blog\/sima-2024-annule-un-tournant-decisif-pour-lavenir-de-lagroequipement\/\"><\/a>            \n<div class=\"gspb_id-gsbp-40cda8cd-4acd gspb-dynamic-post-image wp-block-greenshift-blocks-dynamic-post-image\"><img decoding=\"async\" width=\"768\" height=\"525\" src=\"https:\/\/www.lagriculteur.fr\/blog\/wp-content\/uploads\/2024\/02\/tractor-4379039_1280-1-768x525.jpg\" class=\" wp-post-image\" alt=\"tractor 4379039 1280\" loading=\"lazy\" srcset=\"https:\/\/www.lagriculteur.fr\/blog\/wp-content\/uploads\/2024\/02\/tractor-4379039_1280-1-768x525.jpg 768w, https:\/\/www.lagriculteur.fr\/blog\/wp-content\/uploads\/2024\/02\/tractor-4379039_1280-1-300x205.jpg 300w, https:\/\/www.lagriculteur.fr\/blog\/wp-content\/uploads\/2024\/02\/tractor-4379039_1280-1-1024x700.jpg 1024w, https:\/\/www.lagriculteur.fr\/blog\/wp-content\/uploads\/2024\/02\/tractor-4379039_1280-1.jpg 1280w\" sizes=\"auto, (max-width: 768px) 100vw, 768px\" \/><\/div>\n\n\n<div class=\"wp-block-group is-layout-flow wp-container-core-group-is-layout-a360f6e0 wp-block-group-is-layout-flow\" style=\"padding-top:15px;padding-right:15px;padding-bottom:15px;padding-left:15px\"><div class=\"gspb_id-gsbp-e09663ac-f9d2 gspb-dynamic-post-title wp-block-greenshift-blocks-dynamic-post-title\"><h3 class=\"gspb-dynamic-title-element\">SIMA 2024 annul\u00e9 : Un tournant d\u00e9cisif pour l&rsquo;avenir de l&rsquo;agro\u00e9quipement<\/h3><\/div>\n\n\n<div class=\"wp-block-group is-horizontal is-content-justification-left is-nowrap is-layout-flex wp-container-core-group-is-layout-69964be7 wp-block-group-is-layout-flex\"><div class=\"gspb_id-gsbp-522e665e-e77c gspb_meta wp-block-greenshift-blocks-meta\"><span class=\"gspb_meta_value\">2 f\u00e9vrier 2024<\/span><\/div><\/div>\n\n\n<div class=\"gspb_id-gsbp-2a994400-2650 gspb_meta wp-block-greenshift-blocks-meta\"><div class=\"gspb_meta_value\">Dans un retournement de situation inattendu qui a secou\u00e9 le monde de l&rsquo;agriculture, le Salon International du Machinisme Agricole \u201cSIMA&nbsp;\u201d 2024 a \u00e9t\u00e9 annul\u00e9. Cet \u00e9v\u00e9nement, pr\u00e9vu pour se tenir \u00e0 Paris Nord Villepinte du 24 au 27 novembre, devait r\u00e9unir un millier d&rsquo;exposants pour une \u00e9dition annonc\u00e9e comme innovante et tourn\u00e9e vers l&rsquo;avenir. Toutefois, [&hellip;]<\/div><\/div><\/div>\n\n    <\/li>\t\t\t\t\t\t\t\t\t\t\t\t\t                            \t\t\t\t\t\t\t\n<li class=\"gspbgrid_item swiper-slide  post-7516\">\n    <a class=\"gspbgrid_item_link\" title=\"Le Pacte d&rsquo;Orientation et d&rsquo;Avenir Agricoles : Une vision novatrice pour l&rsquo;Agriculture Fran\u00e7aise\" href=\"https:\/\/www.lagriculteur.fr\/blog\/le-pacte-dorientation-et-davenir-agricoles-une-vision-novatrice-pour-lagriculture-francaise\/\"><\/a>            \n<div class=\"gspb_id-gsbp-40cda8cd-4acd gspb-dynamic-post-image wp-block-greenshift-blocks-dynamic-post-image\"><img decoding=\"async\" width=\"682\" height=\"383\" src=\"https:\/\/www.lagriculteur.fr\/blog\/wp-content\/uploads\/2023\/12\/screenshot_1-1.png\" class=\" wp-post-image\" alt=\"screenshot 1\" loading=\"lazy\" srcset=\"https:\/\/www.lagriculteur.fr\/blog\/wp-content\/uploads\/2023\/12\/screenshot_1-1.png 682w, https:\/\/www.lagriculteur.fr\/blog\/wp-content\/uploads\/2023\/12\/screenshot_1-1-300x168.png 300w\" sizes=\"auto, (max-width: 682px) 100vw, 682px\" \/><\/div>\n\n\n<div class=\"wp-block-group is-layout-flow wp-container-core-group-is-layout-a360f6e0 wp-block-group-is-layout-flow\" style=\"padding-top:15px;padding-right:15px;padding-bottom:15px;padding-left:15px\"><div class=\"gspb_id-gsbp-e09663ac-f9d2 gspb-dynamic-post-title wp-block-greenshift-blocks-dynamic-post-title\"><h3 class=\"gspb-dynamic-title-element\">Le Pacte d&rsquo;Orientation et d&rsquo;Avenir Agricoles : Une vision novatrice pour l&rsquo;Agriculture Fran\u00e7aise<\/h3><\/div>\n\n\n<div class=\"wp-block-group is-horizontal is-content-justification-left is-nowrap is-layout-flex wp-container-core-group-is-layout-69964be7 wp-block-group-is-layout-flex\"><div class=\"gspb_id-gsbp-522e665e-e77c gspb_meta wp-block-greenshift-blocks-meta\"><span class=\"gspb_meta_value\">20 d\u00e9cembre 2023<\/span><\/div><\/div>\n\n\n<div class=\"gspb_id-gsbp-2a994400-2650 gspb_meta wp-block-greenshift-blocks-meta\"><div class=\"gspb_meta_value\">Le monde agricole fran\u00e7ais est \u00e0 l&rsquo;aube d&rsquo;une nouvelle \u00e8re avec la pr\u00e9sentation du Pacte d&rsquo;Orientation et d&rsquo;Avenir Agricoles par Marc Fesneau, le ministre de l&rsquo;Agriculture. Ce plan ambitieux, d\u00e9voil\u00e9 en d\u00e9cembre 2023, vise \u00e0 remodeler l&rsquo;agriculture fran\u00e7aise en harmonisant la formation, l&rsquo;installation des agriculteurs et la transition agro\u00e9cologique. Un pacte nourri d&rsquo;attentes et d&rsquo;engagements [&hellip;]<\/div><\/div><\/div>\n\n    <\/li>\t\t\t\t\t\t\t\t\t\t\t\t\t                            \t\t\t\t\t\t\t\n<li class=\"gspbgrid_item swiper-slide  post-7260\">\n    <a class=\"gspbgrid_item_link\" title=\"Prolongation du Glyphosate en Europe : entre controverses et n\u00e9cessit\u00e9s agricoles\" href=\"https:\/\/www.lagriculteur.fr\/blog\/prolongation-du-glyphosate-en-europe-entre-controverses-et-necessites-agricoles\/\"><\/a>            \n<div class=\"gspb_id-gsbp-40cda8cd-4acd gspb-dynamic-post-image wp-block-greenshift-blocks-dynamic-post-image\"><img decoding=\"async\" width=\"640\" height=\"427\" src=\"https:\/\/www.lagriculteur.fr\/blog\/wp-content\/uploads\/2023\/11\/insecticide-7963421_640.jpg\" class=\" wp-post-image\" alt=\"insecticide 7963421 640\" loading=\"lazy\" srcset=\"https:\/\/www.lagriculteur.fr\/blog\/wp-content\/uploads\/2023\/11\/insecticide-7963421_640.jpg 640w, https:\/\/www.lagriculteur.fr\/blog\/wp-content\/uploads\/2023\/11\/insecticide-7963421_640-300x200.jpg 300w\" sizes=\"auto, (max-width: 640px) 100vw, 640px\" \/><\/div>\n\n\n<div class=\"wp-block-group is-layout-flow wp-container-core-group-is-layout-a360f6e0 wp-block-group-is-layout-flow\" style=\"padding-top:15px;padding-right:15px;padding-bottom:15px;padding-left:15px\"><div class=\"gspb_id-gsbp-e09663ac-f9d2 gspb-dynamic-post-title wp-block-greenshift-blocks-dynamic-post-title\"><h3 class=\"gspb-dynamic-title-element\">Prolongation du Glyphosate en Europe : entre controverses et n\u00e9cessit\u00e9s agricoles<\/h3><\/div>\n\n\n<div class=\"wp-block-group is-horizontal is-content-justification-left is-nowrap is-layout-flex wp-container-core-group-is-layout-69964be7 wp-block-group-is-layout-flex\"><div class=\"gspb_id-gsbp-522e665e-e77c gspb_meta wp-block-greenshift-blocks-meta\"><span class=\"gspb_meta_value\">28 novembre 2023<\/span><\/div><\/div>\n\n\n<div class=\"gspb_id-gsbp-2a994400-2650 gspb_meta wp-block-greenshift-blocks-meta\"><div class=\"gspb_meta_value\">L&rsquo;Europe est \u00e0 la crois\u00e9e des chemins avec la r\u00e9cente d\u00e9cision de prolonger l&rsquo;utilisation du glyphosate, un herbicide largement utilis\u00e9, mais controvers\u00e9. Invent\u00e9 par un chimiste suisse en 1950 et commercialis\u00e9 sous la marque Roundup par Monsanto, puis Bayer, le glyphosate est aujourd&rsquo;hui au c\u0153ur d&rsquo;un d\u00e9bat complexe impliquant la sant\u00e9 publique, l&rsquo;agriculture moderne et [&hellip;]<\/div><\/div><\/div>\n\n    <\/li>\t\t\t\t\t\t\t\t\t\t\t\t\t                            \t\t\t\t\t\t\t\n<li class=\"gspbgrid_item swiper-slide  post-6807\">\n    <a class=\"gspbgrid_item_link\" title=\"Vers une agriculture plus vertueuse: Les ambitions du Plan \u00c9cophyto\" href=\"https:\/\/www.lagriculteur.fr\/blog\/vers-une-agriculture-plus-vertueuse-les-ambitions-du-plan-ecophyto\/\"><\/a>            \n<div class=\"gspb_id-gsbp-40cda8cd-4acd gspb-dynamic-post-image wp-block-greenshift-blocks-dynamic-post-image\"><img decoding=\"async\" width=\"768\" height=\"251\" src=\"https:\/\/www.lagriculteur.fr\/blog\/wp-content\/uploads\/2023\/11\/plan-ecophyto-768x251.png\" class=\" wp-post-image\" alt=\"plan \u00c9cophyto\" loading=\"lazy\" srcset=\"https:\/\/www.lagriculteur.fr\/blog\/wp-content\/uploads\/2023\/11\/plan-ecophyto-768x251.png 768w, https:\/\/www.lagriculteur.fr\/blog\/wp-content\/uploads\/2023\/11\/plan-ecophyto-300x98.png 300w, https:\/\/www.lagriculteur.fr\/blog\/wp-content\/uploads\/2023\/11\/plan-ecophyto-1024x335.png 1024w, https:\/\/www.lagriculteur.fr\/blog\/wp-content\/uploads\/2023\/11\/plan-ecophyto.png 1107w\" sizes=\"auto, (max-width: 768px) 100vw, 768px\" \/><\/div>\n\n\n<div class=\"wp-block-group is-layout-flow wp-container-core-group-is-layout-a360f6e0 wp-block-group-is-layout-flow\" style=\"padding-top:15px;padding-right:15px;padding-bottom:15px;padding-left:15px\"><div class=\"gspb_id-gsbp-e09663ac-f9d2 gspb-dynamic-post-title wp-block-greenshift-blocks-dynamic-post-title\"><h3 class=\"gspb-dynamic-title-element\">Vers une agriculture plus vertueuse: Les ambitions du Plan \u00c9cophyto<\/h3><\/div>\n\n\n<div class=\"wp-block-group is-horizontal is-content-justification-left is-nowrap is-layout-flex wp-container-core-group-is-layout-69964be7 wp-block-group-is-layout-flex\"><div class=\"gspb_id-gsbp-522e665e-e77c gspb_meta wp-block-greenshift-blocks-meta\"><span class=\"gspb_meta_value\">14 novembre 2023<\/span><\/div><\/div>\n\n\n<div class=\"gspb_id-gsbp-2a994400-2650 gspb_meta wp-block-greenshift-blocks-meta\"><div class=\"gspb_meta_value\">L&rsquo;agriculture d&rsquo;aujourd&rsquo;hui se trouve \u00e0 la crois\u00e9e des chemins, o\u00f9 l&rsquo;imp\u00e9ratif de la productivit\u00e9 doit s&rsquo;\u00e9quilibrer avec la pr\u00e9servation de la sant\u00e9 publique et la protection de l&rsquo;environnement. C&rsquo;est dans ce contexte que la France a articul\u00e9 ses ambitions \u00e0 travers le plan \u00c9cophyto, une strat\u00e9gie nationale audacieuse visant \u00e0 r\u00e9duire de mani\u00e8re significative l&rsquo;utilisation [&hellip;]<\/div><\/div><\/div>\n\n    <\/li>\t\t\t\t\t\t\t\t\t\t\t\t\t                            \t\t\t\t\t\t\t\n<li class=\"gspbgrid_item swiper-slide  post-6860\">\n    <a class=\"gspbgrid_item_link\" title=\"Le futur de l&rsquo;agriculture face \u00e0 l&rsquo;\u00e9ventuel arr\u00eat du glyphosate\" href=\"https:\/\/www.lagriculteur.fr\/blog\/le-futur-de-lagriculture-face-a-leventuel-arret-du-glyphosate\/\"><\/a>            \n<div class=\"gspb_id-gsbp-40cda8cd-4acd gspb-dynamic-post-image wp-block-greenshift-blocks-dynamic-post-image\"><img decoding=\"async\" width=\"640\" height=\"424\" src=\"https:\/\/www.lagriculteur.fr\/blog\/wp-content\/uploads\/2023\/11\/herbicide-glyphosate-1.jpg\" class=\" wp-post-image\" alt=\"herbicide glyphosate 1\" loading=\"lazy\" srcset=\"https:\/\/www.lagriculteur.fr\/blog\/wp-content\/uploads\/2023\/11\/herbicide-glyphosate-1.jpg 640w, https:\/\/www.lagriculteur.fr\/blog\/wp-content\/uploads\/2023\/11\/herbicide-glyphosate-1-300x199.jpg 300w\" sizes=\"auto, (max-width: 640px) 100vw, 640px\" \/><\/div>\n\n\n<div class=\"wp-block-group is-layout-flow wp-container-core-group-is-layout-a360f6e0 wp-block-group-is-layout-flow\" style=\"padding-top:15px;padding-right:15px;padding-bottom:15px;padding-left:15px\"><div class=\"gspb_id-gsbp-e09663ac-f9d2 gspb-dynamic-post-title wp-block-greenshift-blocks-dynamic-post-title\"><h3 class=\"gspb-dynamic-title-element\">Le futur de l&rsquo;agriculture face \u00e0 l&rsquo;\u00e9ventuel arr\u00eat du glyphosate<\/h3><\/div>\n\n\n<div class=\"wp-block-group is-horizontal is-content-justification-left is-nowrap is-layout-flex wp-container-core-group-is-layout-69964be7 wp-block-group-is-layout-flex\"><div class=\"gspb_id-gsbp-522e665e-e77c gspb_meta wp-block-greenshift-blocks-meta\"><span class=\"gspb_meta_value\">7 novembre 2023<\/span><\/div><\/div>\n\n\n<div class=\"gspb_id-gsbp-2a994400-2650 gspb_meta wp-block-greenshift-blocks-meta\"><div class=\"gspb_meta_value\">Dans le paysage agricole, le glyphosate a longtemps \u00e9t\u00e9 un acteur central, un outil devenu presque indispensable pour de nombreux agriculteurs. Cette mol\u00e9cule, efficace dans la lutte contre les adventices, a permis de simplifier la gestion des cultures et de diminuer les co\u00fbts. Toutefois, la balance des avantages et des inconv\u00e9nients du glyphosate penche d\u00e9sormais [&hellip;]<\/div><\/div><\/div>\n\n    <\/li>\t\t\t\t\t\t\t\t\t\t\t\t\t                            \t\t\t\t\t\t\t\n<li class=\"gspbgrid_item swiper-slide  post-6865\">\n    <a class=\"gspbgrid_item_link\" title=\"Vers un Horizon Vert : La fin progressive de la d\u00e9fiscalisation du gazole en agriculture\" href=\"https:\/\/www.lagriculteur.fr\/blog\/vers-un-horizon-vert-la-fin-progressive-de-la-defiscalisation-du-gazole-en-agriculture\/\"><\/a>            \n<div class=\"gspb_id-gsbp-40cda8cd-4acd gspb-dynamic-post-image wp-block-greenshift-blocks-dynamic-post-image\"><img decoding=\"async\" width=\"768\" height=\"452\" src=\"https:\/\/www.lagriculteur.fr\/blog\/wp-content\/uploads\/2023\/11\/defiscalisation-768x452.jpg\" class=\" wp-post-image\" alt=\"defiscalisation\" loading=\"lazy\" srcset=\"https:\/\/www.lagriculteur.fr\/blog\/wp-content\/uploads\/2023\/11\/defiscalisation-768x452.jpg 768w, https:\/\/www.lagriculteur.fr\/blog\/wp-content\/uploads\/2023\/11\/defiscalisation-300x177.jpg 300w, https:\/\/www.lagriculteur.fr\/blog\/wp-content\/uploads\/2023\/11\/defiscalisation.jpg 1024w\" sizes=\"auto, (max-width: 768px) 100vw, 768px\" \/><\/div>\n\n\n<div class=\"wp-block-group is-layout-flow wp-container-core-group-is-layout-a360f6e0 wp-block-group-is-layout-flow\" style=\"padding-top:15px;padding-right:15px;padding-bottom:15px;padding-left:15px\"><div class=\"gspb_id-gsbp-e09663ac-f9d2 gspb-dynamic-post-title wp-block-greenshift-blocks-dynamic-post-title\"><h3 class=\"gspb-dynamic-title-element\">Vers un Horizon Vert : La fin progressive de la d\u00e9fiscalisation du gazole en agriculture<\/h3><\/div>\n\n\n<div class=\"wp-block-group is-horizontal is-content-justification-left is-nowrap is-layout-flex wp-container-core-group-is-layout-69964be7 wp-block-group-is-layout-flex\"><div class=\"gspb_id-gsbp-522e665e-e77c gspb_meta wp-block-greenshift-blocks-meta\"><span class=\"gspb_meta_value\">6 novembre 2023<\/span><\/div><\/div>\n\n\n<div class=\"gspb_id-gsbp-2a994400-2650 gspb_meta wp-block-greenshift-blocks-meta\"><div class=\"gspb_meta_value\">Le secteur agricole est \u00e0 l&rsquo;aube d&rsquo;une transformation significative. La suppression annonc\u00e9e de la d\u00e9taxe sur le gazole pour les agriculteurs repr\u00e9sente un pivot majeur, qui vise \u00e0 remplacer une fiscalit\u00e9 avantageant les \u00e9nergies fossiles, d\u00e9sormais consid\u00e9r\u00e9e comme \u00ab\u00a0brune\u00a0\u00bb, par une incitation \u00e0 l&rsquo;investissement dans le domaine des \u00e9nergies renouvelables et des pratiques agricoles durables. [&hellip;]<\/div><\/div><\/div>\n\n    <\/li>\t\t\t\t\t\t\t\t\t\t\t\t\t                            \t\t\t\t\t\t\t\n<li class=\"gspbgrid_item swiper-slide  post-6870\">\n    <a class=\"gspbgrid_item_link\" title=\"La r\u00e9colte de tournesol 2023 : Entre r\u00e9ussite et d\u00e9fis climatiques\" href=\"https:\/\/www.lagriculteur.fr\/blog\/la-recolte-de-tournesol-2023-entre-reussite-et-defis-climatiques\/\"><\/a>            \n<div class=\"gspb_id-gsbp-40cda8cd-4acd gspb-dynamic-post-image wp-block-greenshift-blocks-dynamic-post-image\"><img decoding=\"async\" width=\"640\" height=\"427\" src=\"https:\/\/www.lagriculteur.fr\/blog\/wp-content\/uploads\/2023\/11\/tournesol-1.jpg\" class=\" wp-post-image\" alt=\"tournesol 1\" loading=\"lazy\" srcset=\"https:\/\/www.lagriculteur.fr\/blog\/wp-content\/uploads\/2023\/11\/tournesol-1.jpg 640w, https:\/\/www.lagriculteur.fr\/blog\/wp-content\/uploads\/2023\/11\/tournesol-1-300x200.jpg 300w\" sizes=\"auto, (max-width: 640px) 100vw, 640px\" \/><\/div>\n\n\n<div class=\"wp-block-group is-layout-flow wp-container-core-group-is-layout-a360f6e0 wp-block-group-is-layout-flow\" style=\"padding-top:15px;padding-right:15px;padding-bottom:15px;padding-left:15px\"><div class=\"gspb_id-gsbp-e09663ac-f9d2 gspb-dynamic-post-title wp-block-greenshift-blocks-dynamic-post-title\"><h3 class=\"gspb-dynamic-title-element\">La r\u00e9colte de tournesol 2023 : Entre r\u00e9ussite et d\u00e9fis climatiques<\/h3><\/div>\n\n\n<div class=\"wp-block-group is-horizontal is-content-justification-left is-nowrap is-layout-flex wp-container-core-group-is-layout-69964be7 wp-block-group-is-layout-flex\"><div class=\"gspb_id-gsbp-522e665e-e77c gspb_meta wp-block-greenshift-blocks-meta\"><span class=\"gspb_meta_value\">3 novembre 2023<\/span><\/div><\/div>\n\n\n<div class=\"gspb_id-gsbp-2a994400-2650 gspb_meta wp-block-greenshift-blocks-meta\"><div class=\"gspb_meta_value\">La r\u00e9colte de tournesol est un \u00e9v\u00e9nement crucial dans le calendrier agricole, et celle de 2023 n&rsquo;a pas fait exception. Au contraire, cette ann\u00e9e a marqu\u00e9 une augmentation notable par rapport aux ann\u00e9es pr\u00e9c\u00e9dentes, renfor\u00e7ant la position du tournesol comme l&rsquo;une des cultures les plus r\u00e9silientes et adapt\u00e9es au changement climatique. Un bilan positif 2023 [&hellip;]<\/div><\/div><\/div>\n\n    <\/li>\t\t\t\t\t\t\t\t\t\t\t\t\t                            \t\t\t\t\t\t\t\n<li class=\"gspbgrid_item swiper-slide  post-6876\">\n    <a class=\"gspbgrid_item_link\" title=\"Le march\u00e9 du ma\u00efs en France : Entre d\u00e9fis et opportunit\u00e9s\" href=\"https:\/\/www.lagriculteur.fr\/blog\/le-marche-du-mais-en-france-entre-defis-et-opportunites\/\"><\/a>            \n<div class=\"gspb_id-gsbp-40cda8cd-4acd gspb-dynamic-post-image wp-block-greenshift-blocks-dynamic-post-image\"><img decoding=\"async\" width=\"640\" height=\"285\" src=\"https:\/\/www.lagriculteur.fr\/blog\/wp-content\/uploads\/2023\/11\/mais-1.jpg\" class=\" wp-post-image\" alt=\"mais 1\" loading=\"lazy\" srcset=\"https:\/\/www.lagriculteur.fr\/blog\/wp-content\/uploads\/2023\/11\/mais-1.jpg 640w, https:\/\/www.lagriculteur.fr\/blog\/wp-content\/uploads\/2023\/11\/mais-1-300x134.jpg 300w\" sizes=\"auto, (max-width: 640px) 100vw, 640px\" \/><\/div>\n\n\n<div class=\"wp-block-group is-layout-flow wp-container-core-group-is-layout-a360f6e0 wp-block-group-is-layout-flow\" style=\"padding-top:15px;padding-right:15px;padding-bottom:15px;padding-left:15px\"><div class=\"gspb_id-gsbp-e09663ac-f9d2 gspb-dynamic-post-title wp-block-greenshift-blocks-dynamic-post-title\"><h3 class=\"gspb-dynamic-title-element\">Le march\u00e9 du ma\u00efs en France : Entre d\u00e9fis et opportunit\u00e9s<\/h3><\/div>\n\n\n<div class=\"wp-block-group is-horizontal is-content-justification-left is-nowrap is-layout-flex wp-container-core-group-is-layout-69964be7 wp-block-group-is-layout-flex\"><div class=\"gspb_id-gsbp-522e665e-e77c gspb_meta wp-block-greenshift-blocks-meta\"><span class=\"gspb_meta_value\">2 novembre 2023<\/span><\/div><\/div>\n\n\n<div class=\"gspb_id-gsbp-2a994400-2650 gspb_meta wp-block-greenshift-blocks-meta\"><div class=\"gspb_meta_value\">Alors que la campagne de 2023 s&rsquo;est conclue sur une note optimiste pour le march\u00e9 du ma\u00efs fran\u00e7ais, la fili\u00e8re se retrouve \u00e0 un carrefour strat\u00e9gique. Confront\u00e9e \u00e0 une concurrence internationale accrue et \u00e0 la n\u00e9cessit\u00e9 d&rsquo;adopter une approche plus \u00e9cologique, la culture du ma\u00efs en France appelle \u00e0 un renouveau. L&rsquo;Association g\u00e9n\u00e9rale des producteurs [&hellip;]<\/div><\/div><\/div>\n\n    <\/li>\t\t\t\t\t\t\t\t\t\t\t\t\t                            \t\t\t\t\t\t\t\n<li class=\"gspbgrid_item swiper-slide  post-6881\">\n    <a class=\"gspbgrid_item_link\" title=\"La qu\u00eate de solutions contre la jaunisse de la betterave sucri\u00e8re : o\u00f9 en sommes-nous ?\" href=\"https:\/\/www.lagriculteur.fr\/blog\/la-quete-de-solutions-contre-la-jaunisse-de-la-betterave-sucriere-ou-en-sommes-nous\/\"><\/a>            \n<div class=\"gspb_id-gsbp-40cda8cd-4acd gspb-dynamic-post-image wp-block-greenshift-blocks-dynamic-post-image\"><img decoding=\"async\" width=\"768\" height=\"434\" src=\"https:\/\/www.lagriculteur.fr\/blog\/wp-content\/uploads\/2023\/11\/betterave-sucriere-1-768x434.jpg\" class=\" wp-post-image\" alt=\"betterave sucriere 1\" loading=\"lazy\" srcset=\"https:\/\/www.lagriculteur.fr\/blog\/wp-content\/uploads\/2023\/11\/betterave-sucriere-1-768x434.jpg 768w, https:\/\/www.lagriculteur.fr\/blog\/wp-content\/uploads\/2023\/11\/betterave-sucriere-1-300x170.jpg 300w, https:\/\/www.lagriculteur.fr\/blog\/wp-content\/uploads\/2023\/11\/betterave-sucriere-1.jpg 960w\" sizes=\"auto, (max-width: 768px) 100vw, 768px\" \/><\/div>\n\n\n<div class=\"wp-block-group is-layout-flow wp-container-core-group-is-layout-a360f6e0 wp-block-group-is-layout-flow\" style=\"padding-top:15px;padding-right:15px;padding-bottom:15px;padding-left:15px\"><div class=\"gspb_id-gsbp-e09663ac-f9d2 gspb-dynamic-post-title wp-block-greenshift-blocks-dynamic-post-title\"><h3 class=\"gspb-dynamic-title-element\">La qu\u00eate de solutions contre la jaunisse de la betterave sucri\u00e8re : o\u00f9 en sommes-nous ?<\/h3><\/div>\n\n\n<div class=\"wp-block-group is-horizontal is-content-justification-left is-nowrap is-layout-flex wp-container-core-group-is-layout-69964be7 wp-block-group-is-layout-flex\"><div class=\"gspb_id-gsbp-522e665e-e77c gspb_meta wp-block-greenshift-blocks-meta\"><span class=\"gspb_meta_value\">31 octobre 2023<\/span><\/div><\/div>\n\n\n<div class=\"gspb_id-gsbp-2a994400-2650 gspb_meta wp-block-greenshift-blocks-meta\"><div class=\"gspb_meta_value\">Les betteraves sucri\u00e8res, acteurs incontournables de l\u2019agro-industrie, font face \u00e0 un ennemi redoutable : la jaunisse. Cette maladie, v\u00e9hicul\u00e9e par les pucerons, menace directement le rendement et la qualit\u00e9 de la r\u00e9colte. Mais l&rsquo;heure est \u00e0 l&rsquo;optimisme, car la recherche avance, et les experts et agriculteurs collaborent pour trouver les solutions ad\u00e9quates. Un engagement national [&hellip;]<\/div><\/div><\/div>\n\n    <\/li>\t\t\t\t\t\t\t\t\t\t\t\t\t                            \t\t\t\t\t\t\t\n<li class=\"gspbgrid_item swiper-slide  post-6886\">\n    <a class=\"gspbgrid_item_link\" title=\"John Deere et Yara : Une alliance strat\u00e9gique au service d&rsquo;une agriculture durable\" href=\"https:\/\/www.lagriculteur.fr\/blog\/john-deere-et-yara-une-alliance-strategique-au-service-dune-agriculture-durable\/\"><\/a>            \n<div class=\"gspb_id-gsbp-40cda8cd-4acd gspb-dynamic-post-image wp-block-greenshift-blocks-dynamic-post-image\"><img decoding=\"async\" width=\"180\" height=\"180\" src=\"https:\/\/www.lagriculteur.fr\/blog\/wp-content\/uploads\/2023\/11\/john-deere-1.png\" class=\" wp-post-image\" alt=\"john deere 1\" loading=\"lazy\" srcset=\"https:\/\/www.lagriculteur.fr\/blog\/wp-content\/uploads\/2023\/11\/john-deere-1.png 180w, https:\/\/www.lagriculteur.fr\/blog\/wp-content\/uploads\/2023\/11\/john-deere-1-150x150.png 150w\" sizes=\"auto, (max-width: 180px) 100vw, 180px\" \/><\/div>\n\n\n<div class=\"wp-block-group is-layout-flow wp-container-core-group-is-layout-a360f6e0 wp-block-group-is-layout-flow\" style=\"padding-top:15px;padding-right:15px;padding-bottom:15px;padding-left:15px\"><div class=\"gspb_id-gsbp-e09663ac-f9d2 gspb-dynamic-post-title wp-block-greenshift-blocks-dynamic-post-title\"><h3 class=\"gspb-dynamic-title-element\">John Deere et Yara : Une alliance strat\u00e9gique au service d&rsquo;une agriculture durable<\/h3><\/div>\n\n\n<div class=\"wp-block-group is-horizontal is-content-justification-left is-nowrap is-layout-flex wp-container-core-group-is-layout-69964be7 wp-block-group-is-layout-flex\"><div class=\"gspb_id-gsbp-522e665e-e77c gspb_meta wp-block-greenshift-blocks-meta\"><span class=\"gspb_meta_value\">30 octobre 2023<\/span><\/div><\/div>\n\n\n<div class=\"gspb_id-gsbp-2a994400-2650 gspb_meta wp-block-greenshift-blocks-meta\"><div class=\"gspb_meta_value\">L&rsquo;\u00e8re de la num\u00e9risation a offert d&rsquo;innombrables opportunit\u00e9s pour optimiser et am\u00e9liorer diverses industries. Dans le monde de l&rsquo;agriculture, les progr\u00e8s technologiques r\u00e9volutionnent la mani\u00e8re dont les agriculteurs cultivent, r\u00e9coltent et g\u00e8rent leurs exploitations. Face aux enjeux environnementaux et aux objectifs ambitieux pos\u00e9s par l&rsquo;Union Europ\u00e9enne avec le projet \u00ab Farm to fork \u00bb, il [&hellip;]<\/div><\/div><\/div>\n\n    <\/li>\t\t\t\t\t\t\t\t\t\t\t\t\t                            \t\t\t\t\t\t\t\n<li class=\"gspbgrid_item swiper-slide  post-6906\">\n    <a class=\"gspbgrid_item_link\" title=\"La r\u00e9duction des doses d&rsquo;herbicides : L&rsquo;avenir gr\u00e2ce \u00e0 la technologie\" href=\"https:\/\/www.lagriculteur.fr\/blog\/la-reduction-des-doses-dherbicides-lavenir-grace-a-la-technologie\/\"><\/a>            \n<div class=\"gspb_id-gsbp-40cda8cd-4acd gspb-dynamic-post-image wp-block-greenshift-blocks-dynamic-post-image\"><img decoding=\"async\" width=\"640\" height=\"427\" src=\"https:\/\/www.lagriculteur.fr\/blog\/wp-content\/uploads\/2023\/11\/herbicide-150x150-2.jpg\" class=\" wp-post-image\" alt=\"herbicide 150x150 2\" loading=\"lazy\" srcset=\"https:\/\/www.lagriculteur.fr\/blog\/wp-content\/uploads\/2023\/11\/herbicide-150x150-2.jpg 640w, https:\/\/www.lagriculteur.fr\/blog\/wp-content\/uploads\/2023\/11\/herbicide-150x150-2-300x200.jpg 300w\" sizes=\"auto, (max-width: 640px) 100vw, 640px\" \/><\/div>\n\n\n<div class=\"wp-block-group is-layout-flow wp-container-core-group-is-layout-a360f6e0 wp-block-group-is-layout-flow\" style=\"padding-top:15px;padding-right:15px;padding-bottom:15px;padding-left:15px\"><div class=\"gspb_id-gsbp-e09663ac-f9d2 gspb-dynamic-post-title wp-block-greenshift-blocks-dynamic-post-title\"><h3 class=\"gspb-dynamic-title-element\">La r\u00e9duction des doses d&rsquo;herbicides : L&rsquo;avenir gr\u00e2ce \u00e0 la technologie<\/h3><\/div>\n\n\n<div class=\"wp-block-group is-horizontal is-content-justification-left is-nowrap is-layout-flex wp-container-core-group-is-layout-69964be7 wp-block-group-is-layout-flex\"><div class=\"gspb_id-gsbp-522e665e-e77c gspb_meta wp-block-greenshift-blocks-meta\"><span class=\"gspb_meta_value\">24 octobre 2023<\/span><\/div><\/div>\n\n\n<div class=\"gspb_id-gsbp-2a994400-2650 gspb_meta wp-block-greenshift-blocks-meta\"><div class=\"gspb_meta_value\">Face \u00e0 l&rsquo;urgence environnementale et \u00e0 la n\u00e9cessit\u00e9 de pr\u00e9server la biodiversit\u00e9, la r\u00e9duction des doses d&rsquo;herbicides en agriculture est devenue une priorit\u00e9. La technologie, notamment les capteurs, les drones et l\u2019intelligence artificielle, se positionne en alli\u00e9e de taille pour relever ce d\u00e9fi.&nbsp; Les capteurs : Une arme contre les adventices Le d\u00e9veloppement des capteurs, [&hellip;]<\/div><\/div><\/div>\n\n    <\/li>\t\t\t\t\t\t\t\t\t\t\t\t\t                            \t\t\t\t\t\t\t\n<li class=\"gspbgrid_item swiper-slide  post-6978\">\n    <a class=\"gspbgrid_item_link\" title=\"Recyclage des pneus d&rsquo;ensilage d\u00e8s 2024\" href=\"https:\/\/www.lagriculteur.fr\/blog\/recyclage-des-pneus-densilage-des-2024\/\"><\/a>            \n<div class=\"gspb_id-gsbp-40cda8cd-4acd gspb-dynamic-post-image wp-block-greenshift-blocks-dynamic-post-image\"><img decoding=\"async\" width=\"150\" height=\"150\" src=\"https:\/\/www.lagriculteur.fr\/blog\/wp-content\/uploads\/2023\/11\/pneus-ensilage.jpg\" class=\" wp-post-image\" alt=\"pneus ensilage\" loading=\"lazy\" \/><\/div>\n\n\n<div class=\"wp-block-group is-layout-flow wp-container-core-group-is-layout-a360f6e0 wp-block-group-is-layout-flow\" style=\"padding-top:15px;padding-right:15px;padding-bottom:15px;padding-left:15px\"><div class=\"gspb_id-gsbp-e09663ac-f9d2 gspb-dynamic-post-title wp-block-greenshift-blocks-dynamic-post-title\"><h3 class=\"gspb-dynamic-title-element\">Recyclage des pneus d&rsquo;ensilage d\u00e8s 2024<\/h3><\/div>\n\n\n<div class=\"wp-block-group is-horizontal is-content-justification-left is-nowrap is-layout-flex wp-container-core-group-is-layout-69964be7 wp-block-group-is-layout-flex\"><div class=\"gspb_id-gsbp-522e665e-e77c gspb_meta wp-block-greenshift-blocks-meta\"><span class=\"gspb_meta_value\">11 septembre 2023<\/span><\/div><\/div>\n\n\n<div class=\"gspb_id-gsbp-2a994400-2650 gspb_meta wp-block-greenshift-blocks-meta\"><div class=\"gspb_meta_value\">&nbsp;La gestion des d\u00e9chets en France conna\u00eet des \u00e9volutions majeures, notamment en ce qui concerne les pneus usag\u00e9s issus de l&rsquo;agriculture. Dans le cadre du d\u00e9cret n\u00b0 2023-152 du 2 mars 2023, les responsabilit\u00e9s \u00e9largies des Fabricants de Pneumatiques (REP) ont \u00e9t\u00e9 red\u00e9finies. Cette r\u00e9forme modifie en profondeur les modalit\u00e9s de collecte des pneus usag\u00e9s [&hellip;]<\/div><\/div><\/div>\n\n    <\/li>\t\t\t\t\t\t\t\t\t\t\t\t\t                            \t\t\t\t\t\t\t\n<li class=\"gspbgrid_item swiper-slide  post-6998\">\n    <a class=\"gspbgrid_item_link\" title=\"Nouvelles mesures et opportunit\u00e9s du PAC 2023 pour les agriculteurs\" href=\"https:\/\/www.lagriculteur.fr\/blog\/nouvelles-mesures-et-opportunites-du-pac-2023-pour-les-agriculteurs\/\"><\/a>            \n<div class=\"gspb_id-gsbp-40cda8cd-4acd gspb-dynamic-post-image wp-block-greenshift-blocks-dynamic-post-image\"><img decoding=\"async\" width=\"768\" height=\"382\" src=\"https:\/\/www.lagriculteur.fr\/blog\/wp-content\/uploads\/2023\/11\/pac-2023-1-768x382.png\" class=\" wp-post-image\" alt=\"pac 2023 1\" loading=\"lazy\" srcset=\"https:\/\/www.lagriculteur.fr\/blog\/wp-content\/uploads\/2023\/11\/pac-2023-1-768x382.png 768w, https:\/\/www.lagriculteur.fr\/blog\/wp-content\/uploads\/2023\/11\/pac-2023-1-300x149.png 300w, https:\/\/www.lagriculteur.fr\/blog\/wp-content\/uploads\/2023\/11\/pac-2023-1.png 818w\" sizes=\"auto, (max-width: 768px) 100vw, 768px\" \/><\/div>\n\n\n<div class=\"wp-block-group is-layout-flow wp-container-core-group-is-layout-a360f6e0 wp-block-group-is-layout-flow\" style=\"padding-top:15px;padding-right:15px;padding-bottom:15px;padding-left:15px\"><div class=\"gspb_id-gsbp-e09663ac-f9d2 gspb-dynamic-post-title wp-block-greenshift-blocks-dynamic-post-title\"><h3 class=\"gspb-dynamic-title-element\">Nouvelles mesures et opportunit\u00e9s du PAC 2023 pour les agriculteurs<\/h3><\/div>\n\n\n<div class=\"wp-block-group is-horizontal is-content-justification-left is-nowrap is-layout-flex wp-container-core-group-is-layout-69964be7 wp-block-group-is-layout-flex\"><div class=\"gspb_id-gsbp-522e665e-e77c gspb_meta wp-block-greenshift-blocks-meta\"><span class=\"gspb_meta_value\">21 ao\u00fbt 2023<\/span><\/div><\/div>\n\n\n<div class=\"gspb_id-gsbp-2a994400-2650 gspb_meta wp-block-greenshift-blocks-meta\"><div class=\"gspb_meta_value\">Le Plan strat\u00e9gique national (PSN) pour la prochaine Politique agricole commune (PAC 2023-2027) a \u00e9t\u00e9 approuv\u00e9 par la Commission europ\u00e9enne et est entr\u00e9 en vigueur le 1\u1d49\u02b3 janvier 2023. Ce plan tant attendu par les agriculteurs introduit de nouvelles mesures et opportunit\u00e9s pour promouvoir la durabilit\u00e9, l&rsquo;innovation et la r\u00e9silience dans l&rsquo;agriculture. Le PSN vise [&hellip;]<\/div><\/div><\/div>\n\n    <\/li>\t\t\t\t\t\t\t\t\t\t\t\t\t                            \t\t\t\t\t\t\t\n<li class=\"gspbgrid_item swiper-slide  post-7020\">\n    <a class=\"gspbgrid_item_link\" title=\"Retour sur le SIMA 2022\" href=\"https:\/\/www.lagriculteur.fr\/blog\/retour-sur-le-sima-2022\/\"><\/a>            \n<div class=\"gspb_id-gsbp-40cda8cd-4acd gspb-dynamic-post-image wp-block-greenshift-blocks-dynamic-post-image\"><img decoding=\"async\" width=\"768\" height=\"243\" src=\"https:\/\/www.lagriculteur.fr\/blog\/wp-content\/uploads\/2023\/11\/sima-2022-768x243.jpg\" class=\" wp-post-image\" alt=\"sima 2022\" loading=\"lazy\" srcset=\"https:\/\/www.lagriculteur.fr\/blog\/wp-content\/uploads\/2023\/11\/sima-2022-768x243.jpg 768w, https:\/\/www.lagriculteur.fr\/blog\/wp-content\/uploads\/2023\/11\/sima-2022-300x95.jpg 300w, https:\/\/www.lagriculteur.fr\/blog\/wp-content\/uploads\/2023\/11\/sima-2022-1024x324.jpg 1024w, https:\/\/www.lagriculteur.fr\/blog\/wp-content\/uploads\/2023\/11\/sima-2022.jpg 1110w\" sizes=\"auto, (max-width: 768px) 100vw, 768px\" \/><\/div>\n\n\n<div class=\"wp-block-group is-layout-flow wp-container-core-group-is-layout-a360f6e0 wp-block-group-is-layout-flow\" style=\"padding-top:15px;padding-right:15px;padding-bottom:15px;padding-left:15px\"><div class=\"gspb_id-gsbp-e09663ac-f9d2 gspb-dynamic-post-title wp-block-greenshift-blocks-dynamic-post-title\"><h3 class=\"gspb-dynamic-title-element\">Retour sur le SIMA 2022<\/h3><\/div>\n\n\n<div class=\"wp-block-group is-horizontal is-content-justification-left is-nowrap is-layout-flex wp-container-core-group-is-layout-69964be7 wp-block-group-is-layout-flex\"><div class=\"gspb_id-gsbp-522e665e-e77c gspb_meta wp-block-greenshift-blocks-meta\"><span class=\"gspb_meta_value\">8 d\u00e9cembre 2022<\/span><\/div><\/div>\n\n\n<div class=\"gspb_id-gsbp-2a994400-2650 gspb_meta wp-block-greenshift-blocks-meta\"><div class=\"gspb_meta_value\">Bilan du SIMA 2022 Le moins que l&rsquo;on puisse dire, c&rsquo;est que les quatre derni\u00e8res ann\u00e9es ont \u00e9t\u00e9 tumultueuses. La pand\u00e9mie de Covid a boulevers\u00e9 presque tous les aspects de la vie, provoquant des perturbations g\u00e9n\u00e9ralis\u00e9es et obligeant les gens \u00e0 s&rsquo;adapter d&rsquo;une mani\u00e8re qui aurait sembl\u00e9 inimaginable il y a quelques ann\u00e9es \u00e0 peine. [&hellip;]<\/div><\/div><\/div>\n\n    <\/li>\t\t\t\t\t\t\t\t\t\t\t\t\t                            \t\t\t\t\t\t\t\n<li class=\"gspbgrid_item swiper-slide  post-7025\">\n    <a class=\"gspbgrid_item_link\" title=\"Le Salon International du Machinisme Agricole 2019 (SIMA 2019)\" href=\"https:\/\/www.lagriculteur.fr\/blog\/le-salon-international-du-machinisme-agricole-2019-sima-2019\/\"><\/a>            \n<div class=\"gspb_id-gsbp-40cda8cd-4acd gspb-dynamic-post-image wp-block-greenshift-blocks-dynamic-post-image\"><img decoding=\"async\" width=\"768\" height=\"431\" src=\"https:\/\/www.lagriculteur.fr\/blog\/wp-content\/uploads\/2023\/11\/couverture-facebook1250-sima-1-copie-768x431.png\" class=\" wp-post-image\" alt=\"couverture facebook1250 sima 1 copie\" loading=\"lazy\" srcset=\"https:\/\/www.lagriculteur.fr\/blog\/wp-content\/uploads\/2023\/11\/couverture-facebook1250-sima-1-copie-768x431.png 768w, https:\/\/www.lagriculteur.fr\/blog\/wp-content\/uploads\/2023\/11\/couverture-facebook1250-sima-1-copie-300x168.png 300w, https:\/\/www.lagriculteur.fr\/blog\/wp-content\/uploads\/2023\/11\/couverture-facebook1250-sima-1-copie-1024x575.png 1024w, https:\/\/www.lagriculteur.fr\/blog\/wp-content\/uploads\/2023\/11\/couverture-facebook1250-sima-1-copie.png 1250w\" sizes=\"auto, (max-width: 768px) 100vw, 768px\" \/><\/div>\n\n\n<div class=\"wp-block-group is-layout-flow wp-container-core-group-is-layout-a360f6e0 wp-block-group-is-layout-flow\" style=\"padding-top:15px;padding-right:15px;padding-bottom:15px;padding-left:15px\"><div class=\"gspb_id-gsbp-e09663ac-f9d2 gspb-dynamic-post-title wp-block-greenshift-blocks-dynamic-post-title\"><h3 class=\"gspb-dynamic-title-element\">Le Salon International du Machinisme Agricole 2019 (SIMA 2019)<\/h3><\/div>\n\n\n<div class=\"wp-block-group is-horizontal is-content-justification-left is-nowrap is-layout-flex wp-container-core-group-is-layout-69964be7 wp-block-group-is-layout-flex\"><div class=\"gspb_id-gsbp-522e665e-e77c gspb_meta wp-block-greenshift-blocks-meta\"><span class=\"gspb_meta_value\">5 d\u00e9cembre 2018<\/span><\/div><\/div>\n\n\n<div class=\"gspb_id-gsbp-2a994400-2650 gspb_meta wp-block-greenshift-blocks-meta\"><div class=\"gspb_meta_value\">Mise \u00e0 jour : Retour sur le SIMA 2022 Le Salon International du Machinisme Agricole (SIMA) signe son grand retour en 2019. Le SIMA, qui se tient tous les deux ans, rouvre ses portes apr\u00e8s le succ\u00e8s de ses pr\u00e9c\u00e9dentes sessions. Ce salon d\u00e9di\u00e9 aux professionnels du domaine agricole a r\u00e9uni pr\u00e8s de 232&nbsp;000 personnes [&hellip;]<\/div><\/div><\/div>\n\n    <\/li>\t\t\t\t\t\t\t\t\t\t\t\t\t                            \t\t\t\t\t\t\t\n<li class=\"gspbgrid_item swiper-slide  post-7030\">\n    <a class=\"gspbgrid_item_link\" title=\"Suivez la moisson en direct sur Twitter !\" href=\"https:\/\/www.lagriculteur.fr\/blog\/suivez-la-moisson-en-direct-sur-twitter\/\"><\/a>            \n<div class=\"gspb_id-gsbp-40cda8cd-4acd gspb-dynamic-post-image wp-block-greenshift-blocks-dynamic-post-image\"><img decoding=\"async\" width=\"768\" height=\"247\" src=\"https:\/\/www.lagriculteur.fr\/blog\/wp-content\/uploads\/2023\/11\/moisson2017-768x247.jpg\" class=\" wp-post-image\" alt=\"moisson2017\" loading=\"lazy\" srcset=\"https:\/\/www.lagriculteur.fr\/blog\/wp-content\/uploads\/2023\/11\/moisson2017-768x247.jpg 768w, https:\/\/www.lagriculteur.fr\/blog\/wp-content\/uploads\/2023\/11\/moisson2017-300x96.jpg 300w, https:\/\/www.lagriculteur.fr\/blog\/wp-content\/uploads\/2023\/11\/moisson2017-1024x329.jpg 1024w, https:\/\/www.lagriculteur.fr\/blog\/wp-content\/uploads\/2023\/11\/moisson2017.jpg 1245w\" sizes=\"auto, (max-width: 768px) 100vw, 768px\" \/><\/div>\n\n\n<div class=\"wp-block-group is-layout-flow wp-container-core-group-is-layout-a360f6e0 wp-block-group-is-layout-flow\" style=\"padding-top:15px;padding-right:15px;padding-bottom:15px;padding-left:15px\"><div class=\"gspb_id-gsbp-e09663ac-f9d2 gspb-dynamic-post-title wp-block-greenshift-blocks-dynamic-post-title\"><h3 class=\"gspb-dynamic-title-element\">Suivez la moisson en direct sur Twitter !<\/h3><\/div>\n\n\n<div class=\"wp-block-group is-horizontal is-content-justification-left is-nowrap is-layout-flex wp-container-core-group-is-layout-69964be7 wp-block-group-is-layout-flex\"><div class=\"gspb_id-gsbp-522e665e-e77c gspb_meta wp-block-greenshift-blocks-meta\"><span class=\"gspb_meta_value\">26 septembre 2017<\/span><\/div><\/div>\n\n\n<div class=\"gspb_id-gsbp-2a994400-2650 gspb_meta wp-block-greenshift-blocks-meta\"><div class=\"gspb_meta_value\">Il n\u2019y a pas si longtemps, nous faisions un zoom sur David Forge tr\u00e8s connu sur YouTube. Il se filme et commente en permettant aux n\u00e9ophytes d\u2019appr\u00e9hender l\u2019agriculture. Aujourd\u2019hui, nous pouvons suivre le d\u00e9roulement des moissons quasiment en temps direct, gr\u00e2ce \u00e0 Twitter. De nombreux agriculteurs postent quotidiennement et font \u00e9tat de l\u2019avancement de la [&hellip;]<\/div><\/div><\/div>\n\n    <\/li>\t\t\t\t\t\t\t\t\t\t\t\t\t\t\t\t\t\t<\/ul>\n\t\t\t\t\t\n\t\t\t\t\t\n\t\t\t\t<\/div>\n\t\t\t\t<div class=\"clearfix\"><\/div>\n\t\t\t\n\t\t\t<\/div>\n <\/div><\/section>\n\n\n\n<section class=\"wp-block-greenshift-blocks-row alignfull gspb_row gspb_row-id-gsbp-205137f3-41d2\" id=\"gspb_row-id-gsbp-205137f3-41d2\"><div class=\"gspb_row__content\"> \n<div class=\"wp-block-greenshift-blocks-row-column gspb_row__col--12 gspb_col-id-gsbp-52db4fe2-1223\" id=\"gspb_col-id-gsbp-52db4fe2-1223\">\t\t\t\t\t\t\t\t\t\t\t\t\t\t\t\t\t<div id=\"gspb_filterid_gsbp-9ced3ba7-b680\" class=\"gspbgrid_id-gsbp-9ced3ba7-b680 gspbgrid_list_builder wp-block-query alignwide gspb_filterid_gsbp-9ced3ba7-b680 wp-block-greenshift-blocks-querygrid\" data-filterargs='' data-template=\"querybuilder\" id=\"gspb_filterid_gsbp-9ced3ba7-b680\" data-innerargs='' data-perpage='50'  data-paginationtype=\"\">\n\t\t\t\t\t\t\t\t\t\t\t<div class=\"gspbgrid-block__title\">\n\t\t\t\t\t\t\tZoom de la Semaine\t\t\t\t\t\t<\/div>\n\t\t\t\t\t\t\t\t\t\t\n\t\t\t\t\t<ul class=\"wp-block-post-template\" data-currentpage=\"1\" data-maxpage=\"0\" data-paginationid=\"currentpage-gspb_filterid_gsbp-9ced3ba7-b680\">\n\t\t\t\t\t\t                            \t\t\t\t\t\t\t\n<li class=\"gspbgrid_item swiper-slide  post-9042\">\n    <a class=\"gspbgrid_item_link\" title=\"ZB2 Dewulf : une \u00e9volution ax\u00e9e sur capacit\u00e9 et qualit\u00e9\" href=\"https:\/\/www.lagriculteur.fr\/blog\/zb2-dewulf-fait-evoluer-son-arracheuse-pour-gagner-en-capacite-et-en-qualite-de-recolte\/\"><\/a>            \n<div class=\"gspb_id-gsbp-7820c596-463f gspb-dynamic-post-image wp-block-greenshift-blocks-dynamic-post-image\"><a href=\"https:\/\/www.lagriculteur.fr\/blog\/zb2-dewulf-fait-evoluer-son-arracheuse-pour-gagner-en-capacite-et-en-qualite-de-recolte\/\" title=\"ZB2 Dewulf : une \u00e9volution ax\u00e9e sur capacit\u00e9 et qualit\u00e9\"><img decoding=\"async\" width=\"768\" height=\"283\" src=\"https:\/\/www.lagriculteur.fr\/blog\/wp-content\/uploads\/2026\/04\/capture-decran-2026-04-17-181910-768x283.png\" class=\" wp-post-image\" alt=\"capture d&#039;\u00e9cran 2026 04 17 181910\" loading=\"lazy\" srcset=\"https:\/\/www.lagriculteur.fr\/blog\/wp-content\/uploads\/2026\/04\/capture-decran-2026-04-17-181910-768x283.png 768w, https:\/\/www.lagriculteur.fr\/blog\/wp-content\/uploads\/2026\/04\/capture-decran-2026-04-17-181910-300x111.png 300w, https:\/\/www.lagriculteur.fr\/blog\/wp-content\/uploads\/2026\/04\/capture-decran-2026-04-17-181910.png 931w\" sizes=\"auto, (max-width: 768px) 100vw, 768px\" \/><\/a><\/div>\n\n\n<div class=\"wp-block-group is-layout-flow wp-container-core-group-is-layout-a360f6e0 wp-block-group-is-layout-flow\" style=\"padding-top:15px;padding-right:15px;padding-bottom:15px;padding-left:15px\"><div class=\"gspb_id-gsbp-62697816-da14 gspb-dynamic-post-title wp-block-greenshift-blocks-dynamic-post-title\"><h3 class=\"gspb-dynamic-title-element\">ZB2 Dewulf : une \u00e9volution ax\u00e9e sur capacit\u00e9 et qualit\u00e9<\/h3><\/div>\n\n\n<div class=\"wp-block-group is-horizontal is-content-justification-left is-nowrap is-layout-flex wp-container-core-group-is-layout-69964be7 wp-block-group-is-layout-flex\"><div class=\"gspb_id-gsbp-90bb288c-86ad gspb_meta wp-block-greenshift-blocks-meta\"><span class=\"gspb_meta_value\">17 avril 2026<\/span><\/div><\/div>\n\n\n<div class=\"gspb_id-gsbp-f89f203b-ae56 gspb_meta wp-block-greenshift-blocks-meta\"><div class=\"gspb_meta_value\">Le constructeur Dewulf fait \u00e9voluer son arracheuse automotrice par pr\u00e9hension ZB2, une machine bien connue en cultures de l\u00e9gumes-racines, notamment en carottes. Cette nouvelle version s\u2019inscrit dans une logique d\u2019am\u00e9lioration continue, avec un objectif clair : gagner en capacit\u00e9 tout en pr\u00e9servant la qualit\u00e9 du produit r\u00e9colt\u00e9. Une tr\u00e9mie revue pour plus de d\u00e9bit au [&hellip;]<\/div><\/div><\/div>\n\n    <\/li>\t\t\t\t\t\t\t\t\t\t\t\t\t                            \t\t\t\t\t\t\t\n<li class=\"gspbgrid_item swiper-slide  post-6936\">\n    <a class=\"gspbgrid_item_link\" title=\"Comment savoir quand remplacer les pi\u00e8ces du cultivateur\" href=\"https:\/\/www.lagriculteur.fr\/blog\/comment-savoir-quand-remplacer-les-pieces-du-cultivateur\/\"><\/a>            \n<div class=\"gspb_id-gsbp-7820c596-463f gspb-dynamic-post-image wp-block-greenshift-blocks-dynamic-post-image\"><a href=\"https:\/\/www.lagriculteur.fr\/blog\/comment-savoir-quand-remplacer-les-pieces-du-cultivateur\/\" title=\"Comment savoir quand remplacer les pi\u00e8ces du cultivateur\"><img decoding=\"async\" width=\"150\" height=\"150\" src=\"https:\/\/www.lagriculteur.fr\/blog\/wp-content\/uploads\/2023\/11\/cultivateur-150x150-1.jpg\" class=\" wp-post-image\" alt=\"cultivateur 150x150 1\" loading=\"lazy\" \/><\/a><\/div>\n\n\n<div class=\"wp-block-group is-layout-flow wp-container-core-group-is-layout-a360f6e0 wp-block-group-is-layout-flow\" style=\"padding-top:15px;padding-right:15px;padding-bottom:15px;padding-left:15px\"><div class=\"gspb_id-gsbp-62697816-da14 gspb-dynamic-post-title wp-block-greenshift-blocks-dynamic-post-title\"><h3 class=\"gspb-dynamic-title-element\">Comment savoir quand remplacer les pi\u00e8ces du cultivateur<\/h3><\/div>\n\n\n<div class=\"wp-block-group is-horizontal is-content-justification-left is-nowrap is-layout-flex wp-container-core-group-is-layout-69964be7 wp-block-group-is-layout-flex\"><div class=\"gspb_id-gsbp-90bb288c-86ad gspb_meta wp-block-greenshift-blocks-meta\"><span class=\"gspb_meta_value\">24 mai 2024<\/span><\/div><\/div>\n\n\n<div class=\"gspb_id-gsbp-f89f203b-ae56 gspb_meta wp-block-greenshift-blocks-meta\"><div class=\"gspb_meta_value\">Outil indispensable pour les agriculteurs qui souhaitent optimiser leurs rendements, les cultivateurs sont aussi robustes que possible, mais pas totalement fiables. Comme toute machine, un cultivateur est constitu\u00e9 de pi\u00e8ces qui s\u2019usent avec le temps. Mais comment savoir quand ces pi\u00e8ces ont atteint la fin de leur dur\u00e9e de vie et doivent \u00eatre remplac\u00e9es ? [&hellip;]<\/div><\/div><\/div>\n\n    <\/li>\t\t\t\t\t\t\t\t\t\t\t\t\t                            \t\t\t\t\t\t\t\n<li class=\"gspbgrid_item swiper-slide  post-6954\">\n    <a class=\"gspbgrid_item_link\" title=\"Herse rotative vs herse \u00e9trille : Comprendre les diff\u00e9rences et choisir le bon outil agricole\" href=\"https:\/\/www.lagriculteur.fr\/blog\/herse-rotative-vs-herse-etrille-comprendre-les-differences-et-choisir-le-bon-outil-agricole\/\"><\/a>            \n<div class=\"gspb_id-gsbp-7820c596-463f gspb-dynamic-post-image wp-block-greenshift-blocks-dynamic-post-image\"><a href=\"https:\/\/www.lagriculteur.fr\/blog\/herse-rotative-vs-herse-etrille-comprendre-les-differences-et-choisir-le-bon-outil-agricole\/\" title=\"Herse rotative vs herse \u00e9trille : Comprendre les diff\u00e9rences et choisir le bon outil agricole\"><img decoding=\"async\" width=\"768\" height=\"432\" src=\"https:\/\/www.lagriculteur.fr\/blog\/wp-content\/uploads\/2023\/11\/herse-etrille-vs-rotative-768x432.png\" class=\" wp-post-image\" alt=\"herse etrille vs rotative\" loading=\"lazy\" srcset=\"https:\/\/www.lagriculteur.fr\/blog\/wp-content\/uploads\/2023\/11\/herse-etrille-vs-rotative-768x432.png 768w, https:\/\/www.lagriculteur.fr\/blog\/wp-content\/uploads\/2023\/11\/herse-etrille-vs-rotative-300x169.png 300w, https:\/\/www.lagriculteur.fr\/blog\/wp-content\/uploads\/2023\/11\/herse-etrille-vs-rotative.png 1024w\" sizes=\"auto, (max-width: 768px) 100vw, 768px\" \/><\/a><\/div>\n\n\n<div class=\"wp-block-group is-layout-flow wp-container-core-group-is-layout-a360f6e0 wp-block-group-is-layout-flow\" style=\"padding-top:15px;padding-right:15px;padding-bottom:15px;padding-left:15px\"><div class=\"gspb_id-gsbp-62697816-da14 gspb-dynamic-post-title wp-block-greenshift-blocks-dynamic-post-title\"><h3 class=\"gspb-dynamic-title-element\">Herse rotative vs herse \u00e9trille : Comprendre les diff\u00e9rences et choisir le bon outil agricole<\/h3><\/div>\n\n\n<div class=\"wp-block-group is-horizontal is-content-justification-left is-nowrap is-layout-flex wp-container-core-group-is-layout-69964be7 wp-block-group-is-layout-flex\"><div class=\"gspb_id-gsbp-90bb288c-86ad gspb_meta wp-block-greenshift-blocks-meta\"><span class=\"gspb_meta_value\">6 janvier 2026<\/span><\/div><\/div>\n\n\n<div class=\"gspb_id-gsbp-f89f203b-ae56 gspb_meta wp-block-greenshift-blocks-meta\"><div class=\"gspb_meta_value\">Dans le domaine de l&rsquo;agriculture, les professionnels disposent d&rsquo;une panoplie d&rsquo;outils et de techniques pour optimiser les rendements et faciliter leurs t\u00e2ches. Parmi ces outils, on retrouve les herses, qui sont indispensables pour pr\u00e9parer le sol avant les semis. Herse rotative : un outil pour un travail du sol en profondeur La herse rotative est [&hellip;]<\/div><\/div><\/div>\n\n    <\/li>\t\t\t\t\t\t\t\t\t\t\t\t\t                            \t\t\t\t\t\t\t\n<li class=\"gspbgrid_item swiper-slide  post-6959\">\n    <a class=\"gspbgrid_item_link\" title=\"Quels sont les co\u00fbts associ\u00e9s \u00e0 l&rsquo;achat et \u00e0 l&rsquo;entretien d&rsquo;un rouleau ?\" href=\"https:\/\/www.lagriculteur.fr\/blog\/quels-sont-les-couts-associes-a-lachat-et-a-lentretien-dun-rouleau\/\"><\/a>            \n<div class=\"gspb_id-gsbp-7820c596-463f gspb-dynamic-post-image wp-block-greenshift-blocks-dynamic-post-image\"><a href=\"https:\/\/www.lagriculteur.fr\/blog\/quels-sont-les-couts-associes-a-lachat-et-a-lentretien-dun-rouleau\/\" title=\"Quels sont les co\u00fbts associ\u00e9s \u00e0 l&rsquo;achat et \u00e0 l&rsquo;entretien d&rsquo;un rouleau ?\"><img decoding=\"async\" width=\"150\" height=\"150\" src=\"https:\/\/www.lagriculteur.fr\/blog\/wp-content\/uploads\/2023\/11\/entretien-rouleau.jpg\" class=\" wp-post-image\" alt=\"entretien rouleau\" loading=\"lazy\" \/><\/a><\/div>\n\n\n<div class=\"wp-block-group is-layout-flow wp-container-core-group-is-layout-a360f6e0 wp-block-group-is-layout-flow\" style=\"padding-top:15px;padding-right:15px;padding-bottom:15px;padding-left:15px\"><div class=\"gspb_id-gsbp-62697816-da14 gspb-dynamic-post-title wp-block-greenshift-blocks-dynamic-post-title\"><h3 class=\"gspb-dynamic-title-element\">Quels sont les co\u00fbts associ\u00e9s \u00e0 l&rsquo;achat et \u00e0 l&rsquo;entretien d&rsquo;un rouleau ?<\/h3><\/div>\n\n\n<div class=\"wp-block-group is-horizontal is-content-justification-left is-nowrap is-layout-flex wp-container-core-group-is-layout-69964be7 wp-block-group-is-layout-flex\"><div class=\"gspb_id-gsbp-90bb288c-86ad gspb_meta wp-block-greenshift-blocks-meta\"><span class=\"gspb_meta_value\">24 mai 2024<\/span><\/div><\/div>\n\n\n<div class=\"gspb_id-gsbp-f89f203b-ae56 gspb_meta wp-block-greenshift-blocks-meta\"><div class=\"gspb_meta_value\">Le rouleau est un outil indispensable dans le secteur agricole, permettant d&rsquo;am\u00e9liorer la structure du sol et d&rsquo;optimiser les rendements des cultures. Cependant, il est crucial de prendre en compte non seulement le co\u00fbt initial mais \u00e9galement les d\u00e9penses r\u00e9currentes li\u00e9es \u00e0 sa maintenance.&nbsp; Co\u00fbt initial Le choix du type de rouleau a un impact [&hellip;]<\/div><\/div><\/div>\n\n    <\/li>\t\t\t\t\t\t\t\t\t\t\t\t\t                            \t\t\t\t\t\t\t\n<li class=\"gspbgrid_item swiper-slide  post-6964\">\n    <a class=\"gspbgrid_item_link\" title=\"Comment pr\u00e9venir l&rsquo;usure pr\u00e9matur\u00e9e des roulements de transmission en agriculture ?\" href=\"https:\/\/www.lagriculteur.fr\/blog\/comment-prevenir-lusure-prematuree-des-roulements-de-transmission-en-agriculture\/\"><\/a>            \n<div class=\"gspb_id-gsbp-7820c596-463f gspb-dynamic-post-image wp-block-greenshift-blocks-dynamic-post-image\"><a href=\"https:\/\/www.lagriculteur.fr\/blog\/comment-prevenir-lusure-prematuree-des-roulements-de-transmission-en-agriculture\/\" title=\"Comment pr\u00e9venir l&rsquo;usure pr\u00e9matur\u00e9e des roulements de transmission en agriculture ?\"><img decoding=\"async\" width=\"150\" height=\"150\" src=\"https:\/\/www.lagriculteur.fr\/blog\/wp-content\/uploads\/2023\/11\/entretien-rouleau.jpg\" class=\" wp-post-image\" alt=\"entretien rouleau\" loading=\"lazy\" \/><\/a><\/div>\n\n\n<div class=\"wp-block-group is-layout-flow wp-container-core-group-is-layout-a360f6e0 wp-block-group-is-layout-flow\" style=\"padding-top:15px;padding-right:15px;padding-bottom:15px;padding-left:15px\"><div class=\"gspb_id-gsbp-62697816-da14 gspb-dynamic-post-title wp-block-greenshift-blocks-dynamic-post-title\"><h3 class=\"gspb-dynamic-title-element\">Comment pr\u00e9venir l&rsquo;usure pr\u00e9matur\u00e9e des roulements de transmission en agriculture ?<\/h3><\/div>\n\n\n<div class=\"wp-block-group is-horizontal is-content-justification-left is-nowrap is-layout-flex wp-container-core-group-is-layout-69964be7 wp-block-group-is-layout-flex\"><div class=\"gspb_id-gsbp-90bb288c-86ad gspb_meta wp-block-greenshift-blocks-meta\"><span class=\"gspb_meta_value\">24 mai 2024<\/span><\/div><\/div>\n\n\n<div class=\"gspb_id-gsbp-f89f203b-ae56 gspb_meta wp-block-greenshift-blocks-meta\"><div class=\"gspb_meta_value\">L&rsquo;agriculture est une industrie exigeante qui s&rsquo;appuie sur des machines et des \u00e9quipements qui doivent fonctionner efficacement pour garantir des r\u00e9coltes et des op\u00e9rations r\u00e9ussies. Parmi eux, les roulements de transmission jouent un r\u00f4le important dans le fonctionnement des machines agricoles. Cependant, une usure pr\u00e9matur\u00e9e de ces composants peut entra\u00eener des pannes co\u00fbteuses, des retards [&hellip;]<\/div><\/div><\/div>\n\n    <\/li>\t\t\t\t\t\t\t\t\t\t\t\t\t                            \t\t\t\t\t\t\t\n<li class=\"gspbgrid_item swiper-slide  post-7046\">\n    <a class=\"gspbgrid_item_link\" title=\"Des machines horticoles d\u2019occasion, pourquoi pas\u00a0?\" href=\"https:\/\/www.lagriculteur.fr\/blog\/des-machines-horticoles-doccasion-pourquoi-pas\/\"><\/a>            \n<div class=\"gspb_id-gsbp-7820c596-463f gspb-dynamic-post-image wp-block-greenshift-blocks-dynamic-post-image\"><a href=\"https:\/\/www.lagriculteur.fr\/blog\/des-machines-horticoles-doccasion-pourquoi-pas\/\" title=\"Des machines horticoles d\u2019occasion, pourquoi pas\u00a0?\"><img decoding=\"async\" width=\"720\" height=\"400\" src=\"https:\/\/www.lagriculteur.fr\/blog\/wp-content\/uploads\/2023\/11\/machines-horticoles.jpg\" class=\" wp-post-image\" alt=\"machines horticoles\" loading=\"lazy\" srcset=\"https:\/\/www.lagriculteur.fr\/blog\/wp-content\/uploads\/2023\/11\/machines-horticoles.jpg 720w, https:\/\/www.lagriculteur.fr\/blog\/wp-content\/uploads\/2023\/11\/machines-horticoles-300x167.jpg 300w\" sizes=\"auto, (max-width: 720px) 100vw, 720px\" \/><\/a><\/div>\n\n\n<div class=\"wp-block-group is-layout-flow wp-container-core-group-is-layout-a360f6e0 wp-block-group-is-layout-flow\" style=\"padding-top:15px;padding-right:15px;padding-bottom:15px;padding-left:15px\"><div class=\"gspb_id-gsbp-62697816-da14 gspb-dynamic-post-title wp-block-greenshift-blocks-dynamic-post-title\"><h3 class=\"gspb-dynamic-title-element\">Des machines horticoles d\u2019occasion, pourquoi pas\u00a0?<\/h3><\/div>\n\n\n<div class=\"wp-block-group is-horizontal is-content-justification-left is-nowrap is-layout-flex wp-container-core-group-is-layout-69964be7 wp-block-group-is-layout-flex\"><div class=\"gspb_id-gsbp-90bb288c-86ad gspb_meta wp-block-greenshift-blocks-meta\"><span class=\"gspb_meta_value\">24 mai 2024<\/span><\/div><\/div>\n\n\n<div class=\"gspb_id-gsbp-f89f203b-ae56 gspb_meta wp-block-greenshift-blocks-meta\"><div class=\"gspb_meta_value\">Acheter d\u2019occasion Dans le contexte actuel, il ne fait aucun doute que r\u00e9utiliser, recycler et donc acheter en deuxi\u00e8me main sont populaires. Cela vaut \u00e9galement pour des outillages sp\u00e9cifiques d\u00e9di\u00e9s \u00e0 l\u2019agriculture ou \u00e0 l\u2019horticulture maraich\u00e8re ou ornementale. Lorsque les banques n\u2019accordent plus aussi facilement&nbsp;les pr\u00eatspour acqu\u00e9rir des \u00e9quipements neufs on\u00e9reux, l\u2019occasion peut \u00eatre une [&hellip;]<\/div><\/div><\/div>\n\n    <\/li>\t\t\t\t\t\t\t\t\t\t\t\t\t                            \t\t\t\t\t\t\t\n<li class=\"gspbgrid_item swiper-slide  post-7051\">\n    <a class=\"gspbgrid_item_link\" title=\"Rouler, glisser, lubrifier\u00a0: Abr\u00e9g\u00e9 de la technique des paliers en agriculture\" href=\"https:\/\/www.lagriculteur.fr\/blog\/rouler-glisser-lubrifier-abrege-de-la-technique-des-paliers-en-agriculture\/\"><\/a>            \n<div class=\"gspb_id-gsbp-7820c596-463f gspb-dynamic-post-image wp-block-greenshift-blocks-dynamic-post-image\"><a href=\"https:\/\/www.lagriculteur.fr\/blog\/rouler-glisser-lubrifier-abrege-de-la-technique-des-paliers-en-agriculture\/\" title=\"Rouler, glisser, lubrifier\u00a0: Abr\u00e9g\u00e9 de la technique des paliers en agriculture\"><img decoding=\"async\" width=\"677\" height=\"205\" src=\"https:\/\/www.lagriculteur.fr\/blog\/wp-content\/uploads\/2023\/11\/rouler-glisser.png\" class=\" wp-post-image\" alt=\"rouler glisser\" loading=\"lazy\" srcset=\"https:\/\/www.lagriculteur.fr\/blog\/wp-content\/uploads\/2023\/11\/rouler-glisser.png 677w, https:\/\/www.lagriculteur.fr\/blog\/wp-content\/uploads\/2023\/11\/rouler-glisser-300x91.png 300w\" sizes=\"auto, (max-width: 677px) 100vw, 677px\" \/><\/a><\/div>\n\n\n<div class=\"wp-block-group is-layout-flow wp-container-core-group-is-layout-a360f6e0 wp-block-group-is-layout-flow\" style=\"padding-top:15px;padding-right:15px;padding-bottom:15px;padding-left:15px\"><div class=\"gspb_id-gsbp-62697816-da14 gspb-dynamic-post-title wp-block-greenshift-blocks-dynamic-post-title\"><h3 class=\"gspb-dynamic-title-element\">Rouler, glisser, lubrifier\u00a0: Abr\u00e9g\u00e9 de la technique des paliers en agriculture<\/h3><\/div>\n\n\n<div class=\"wp-block-group is-horizontal is-content-justification-left is-nowrap is-layout-flex wp-container-core-group-is-layout-69964be7 wp-block-group-is-layout-flex\"><div class=\"gspb_id-gsbp-90bb288c-86ad gspb_meta wp-block-greenshift-blocks-meta\"><span class=\"gspb_meta_value\">3 mai 2024<\/span><\/div><\/div>\n\n\n<div class=\"gspb_id-gsbp-f89f203b-ae56 gspb_meta wp-block-greenshift-blocks-meta\"><div class=\"gspb_meta_value\">Disques, rouleaux suiveurs, rouleaux packer, rotors, vis transporteuses, tous ces outils ont en commun le besoin de paliers d&rsquo;arbres de transmission. Quelles que soient leurs diff\u00e9rences et leurs complexit\u00e9s, tous ces outils ne peuvent fonctionner sans ces paliers. Grands et robustes ou petits et fins, les paliers se d\u00e9clinent dans toutes les formes et tailles. [&hellip;]<\/div><\/div><\/div>\n\n    <\/li>\t\t\t\t\t\t\t\t\t\t\t\t\t                            \t\t\t\t\t\t\t\n<li class=\"gspbgrid_item swiper-slide  post-7056\">\n    <a class=\"gspbgrid_item_link\" title=\"Optimiser les travaux de binage gr\u00e2ce \u00e0 l&rsquo;\u00e9quilibre parfait\" href=\"https:\/\/www.lagriculteur.fr\/blog\/optimiser-les-travaux-de-binage-grace-a-lequilibre-parfait\/\"><\/a>            \n<div class=\"gspb_id-gsbp-7820c596-463f gspb-dynamic-post-image wp-block-greenshift-blocks-dynamic-post-image\"><a href=\"https:\/\/www.lagriculteur.fr\/blog\/optimiser-les-travaux-de-binage-grace-a-lequilibre-parfait\/\" title=\"Optimiser les travaux de binage gr\u00e2ce \u00e0 l&rsquo;\u00e9quilibre parfait\"><img decoding=\"async\" width=\"648\" height=\"243\" src=\"https:\/\/www.lagriculteur.fr\/blog\/wp-content\/uploads\/2023\/11\/travaux-de-binage.png\" class=\" wp-post-image\" alt=\"travaux de binage\" loading=\"lazy\" srcset=\"https:\/\/www.lagriculteur.fr\/blog\/wp-content\/uploads\/2023\/11\/travaux-de-binage.png 648w, https:\/\/www.lagriculteur.fr\/blog\/wp-content\/uploads\/2023\/11\/travaux-de-binage-300x113.png 300w\" sizes=\"auto, (max-width: 648px) 100vw, 648px\" \/><\/a><\/div>\n\n\n<div class=\"wp-block-group is-layout-flow wp-container-core-group-is-layout-a360f6e0 wp-block-group-is-layout-flow\" style=\"padding-top:15px;padding-right:15px;padding-bottom:15px;padding-left:15px\"><div class=\"gspb_id-gsbp-62697816-da14 gspb-dynamic-post-title wp-block-greenshift-blocks-dynamic-post-title\"><h3 class=\"gspb-dynamic-title-element\">Optimiser les travaux de binage gr\u00e2ce \u00e0 l&rsquo;\u00e9quilibre parfait<\/h3><\/div>\n\n\n<div class=\"wp-block-group is-horizontal is-content-justification-left is-nowrap is-layout-flex wp-container-core-group-is-layout-69964be7 wp-block-group-is-layout-flex\"><div class=\"gspb_id-gsbp-90bb288c-86ad gspb_meta wp-block-greenshift-blocks-meta\"><span class=\"gspb_meta_value\">23 mai 2024<\/span><\/div><\/div>\n\n\n<div class=\"gspb_id-gsbp-f89f203b-ae56 gspb_meta wp-block-greenshift-blocks-meta\"><div class=\"gspb_meta_value\">Les travaux de binage Ameublir, couper, \u00e9mietter, herser, buter, prot\u00e9ger ; voici les concepts de base du d\u00e9sherbage m\u00e9canique, aussi appel\u00e9 binage. Au cours des derni\u00e8res d\u00e9cennies, cette technique ancienne a \u00e9t\u00e9 plut\u00f4t malmen\u00e9e. D\u00e9pass\u00e9e par l&rsquo;utilisation souvent trop bon march\u00e9 et malheureusement aussi de plus en plus facile des herbicides chimiques, cette m\u00e9thode de [&hellip;]<\/div><\/div><\/div>\n\n    <\/li>\t\t\t\t\t\t\t\t\t\t\t\t\t                            \t\t\t\t\t\t\t\n<li class=\"gspbgrid_item swiper-slide  post-7061\">\n    <a class=\"gspbgrid_item_link\" title=\"Tout savoir sur les dents de herse : double ou simple, avant ou arri\u00e8re\" href=\"https:\/\/www.lagriculteur.fr\/blog\/tout-savoir-sur-les-dents-de-herse-double-ou-simple-avant-ou-arriere\/\"><\/a>            \n<div class=\"gspb_id-gsbp-7820c596-463f gspb-dynamic-post-image wp-block-greenshift-blocks-dynamic-post-image\"><a href=\"https:\/\/www.lagriculteur.fr\/blog\/tout-savoir-sur-les-dents-de-herse-double-ou-simple-avant-ou-arriere\/\" title=\"Tout savoir sur les dents de herse : double ou simple, avant ou arri\u00e8re\"><img decoding=\"async\" width=\"720\" height=\"479\" src=\"https:\/\/www.lagriculteur.fr\/blog\/wp-content\/uploads\/2023\/11\/dents-de-herse.jpg\" class=\" wp-post-image\" alt=\"dents de herse\" loading=\"lazy\" srcset=\"https:\/\/www.lagriculteur.fr\/blog\/wp-content\/uploads\/2023\/11\/dents-de-herse.jpg 720w, https:\/\/www.lagriculteur.fr\/blog\/wp-content\/uploads\/2023\/11\/dents-de-herse-300x200.jpg 300w\" sizes=\"auto, (max-width: 720px) 100vw, 720px\" \/><\/a><\/div>\n\n\n<div class=\"wp-block-group is-layout-flow wp-container-core-group-is-layout-a360f6e0 wp-block-group-is-layout-flow\" style=\"padding-top:15px;padding-right:15px;padding-bottom:15px;padding-left:15px\"><div class=\"gspb_id-gsbp-62697816-da14 gspb-dynamic-post-title wp-block-greenshift-blocks-dynamic-post-title\"><h3 class=\"gspb-dynamic-title-element\">Tout savoir sur les dents de herse : double ou simple, avant ou arri\u00e8re<\/h3><\/div>\n\n\n<div class=\"wp-block-group is-horizontal is-content-justification-left is-nowrap is-layout-flex wp-container-core-group-is-layout-69964be7 wp-block-group-is-layout-flex\"><div class=\"gspb_id-gsbp-90bb288c-86ad gspb_meta wp-block-greenshift-blocks-meta\"><span class=\"gspb_meta_value\">21 f\u00e9vrier 2024<\/span><\/div><\/div>\n\n\n<div class=\"gspb_id-gsbp-f89f203b-ae56 gspb_meta wp-block-greenshift-blocks-meta\"><div class=\"gspb_meta_value\">Les dents de herse Les herses font partie int\u00e9grante de l\u2019univers actuel des machines agricoles. Que ce soit pour le d\u00e9sherbage \u00e9cologique, le travail du sol ou la technique de semis, les dents de herses sont omnipr\u00e9sentes. Cette simplicit\u00e9 ne doit toutefois pas faire oublier les quelques \u00e9l\u00e9ments de base, qui garantissent un bon fonctionnement [&hellip;]<\/div><\/div><\/div>\n\n    <\/li>\t\t\t\t\t\t\t\t\t\t\t\t\t                            \t\t\t\t\t\t\t\n<li class=\"gspbgrid_item swiper-slide  post-7066\">\n    <a class=\"gspbgrid_item_link\" title=\"Tout ce que vous devez savoir sur les vis pour machines agricoles\" href=\"https:\/\/www.lagriculteur.fr\/blog\/tout-ce-que-vous-devez-savoir-sur-les-vis-pour-machines-agricoles\/\"><\/a>            \n<div class=\"gspb_id-gsbp-7820c596-463f gspb-dynamic-post-image wp-block-greenshift-blocks-dynamic-post-image\"><a href=\"https:\/\/www.lagriculteur.fr\/blog\/tout-ce-que-vous-devez-savoir-sur-les-vis-pour-machines-agricoles\/\" title=\"Tout ce que vous devez savoir sur les vis pour machines agricoles\"><img decoding=\"async\" width=\"720\" height=\"202\" src=\"https:\/\/www.lagriculteur.fr\/blog\/wp-content\/uploads\/2023\/11\/vis.png\" class=\" wp-post-image\" alt=\"vis\" loading=\"lazy\" srcset=\"https:\/\/www.lagriculteur.fr\/blog\/wp-content\/uploads\/2023\/11\/vis.png 720w, https:\/\/www.lagriculteur.fr\/blog\/wp-content\/uploads\/2023\/11\/vis-300x84.png 300w\" sizes=\"auto, (max-width: 720px) 100vw, 720px\" \/><\/a><\/div>\n\n\n<div class=\"wp-block-group is-layout-flow wp-container-core-group-is-layout-a360f6e0 wp-block-group-is-layout-flow\" style=\"padding-top:15px;padding-right:15px;padding-bottom:15px;padding-left:15px\"><div class=\"gspb_id-gsbp-62697816-da14 gspb-dynamic-post-title wp-block-greenshift-blocks-dynamic-post-title\"><h3 class=\"gspb-dynamic-title-element\">Tout ce que vous devez savoir sur les vis pour machines agricoles<\/h3><\/div>\n\n\n<div class=\"wp-block-group is-horizontal is-content-justification-left is-nowrap is-layout-flex wp-container-core-group-is-layout-69964be7 wp-block-group-is-layout-flex\"><div class=\"gspb_id-gsbp-90bb288c-86ad gspb_meta wp-block-greenshift-blocks-meta\"><span class=\"gspb_meta_value\">23 mai 2024<\/span><\/div><\/div>\n\n\n<div class=\"gspb_id-gsbp-f89f203b-ae56 gspb_meta wp-block-greenshift-blocks-meta\"><div class=\"gspb_meta_value\">Les vis pour les machines agricoles La vis est partout et pourtant, on la remarque \u00e0 peine au quotidien. Nous nous sommes simplement habitu\u00e9s \u00e0 sa pr\u00e9sence dans notre vie, et \u00e0 juste titre, car elle est l\u2019\u00e9l\u00e9ment de fixation amovible le plus utilis\u00e9 de notre \u00e9poque. Dans notre pays, il n\u2019y a probablement personne [&hellip;]<\/div><\/div><\/div>\n\n    <\/li>\t\t\t\t\t\t\t\t\t\t\t\t\t                            \t\t\t\t\t\t\t\n<li class=\"gspbgrid_item swiper-slide  post-7071\">\n    <a class=\"gspbgrid_item_link\" title=\"HORSCH : une saga familiale\" href=\"https:\/\/www.lagriculteur.fr\/blog\/horsch-une-saga-familiale\/\"><\/a>            \n<div class=\"gspb_id-gsbp-7820c596-463f gspb-dynamic-post-image wp-block-greenshift-blocks-dynamic-post-image\"><a href=\"https:\/\/www.lagriculteur.fr\/blog\/horsch-une-saga-familiale\/\" title=\"HORSCH : une saga familiale\"><img decoding=\"async\" width=\"768\" height=\"247\" src=\"https:\/\/www.lagriculteur.fr\/blog\/wp-content\/uploads\/2023\/11\/horsch-schwandorf-768x247.jpg\" class=\" wp-post-image\" alt=\"horsch schwandorf\" loading=\"lazy\" srcset=\"https:\/\/www.lagriculteur.fr\/blog\/wp-content\/uploads\/2023\/11\/horsch-schwandorf-768x247.jpg 768w, https:\/\/www.lagriculteur.fr\/blog\/wp-content\/uploads\/2023\/11\/horsch-schwandorf-300x96.jpg 300w, https:\/\/www.lagriculteur.fr\/blog\/wp-content\/uploads\/2023\/11\/horsch-schwandorf-1024x329.jpg 1024w, https:\/\/www.lagriculteur.fr\/blog\/wp-content\/uploads\/2023\/11\/horsch-schwandorf.jpg 1245w\" sizes=\"auto, (max-width: 768px) 100vw, 768px\" \/><\/a><\/div>\n\n\n<div class=\"wp-block-group is-layout-flow wp-container-core-group-is-layout-a360f6e0 wp-block-group-is-layout-flow\" style=\"padding-top:15px;padding-right:15px;padding-bottom:15px;padding-left:15px\"><div class=\"gspb_id-gsbp-62697816-da14 gspb-dynamic-post-title wp-block-greenshift-blocks-dynamic-post-title\"><h3 class=\"gspb-dynamic-title-element\">HORSCH : une saga familiale<\/h3><\/div>\n\n\n<div class=\"wp-block-group is-horizontal is-content-justification-left is-nowrap is-layout-flex wp-container-core-group-is-layout-69964be7 wp-block-group-is-layout-flex\"><div class=\"gspb_id-gsbp-90bb288c-86ad gspb_meta wp-block-greenshift-blocks-meta\"><span class=\"gspb_meta_value\">23 mai 2024<\/span><\/div><\/div>\n\n\n<div class=\"gspb_id-gsbp-f89f203b-ae56 gspb_meta wp-block-greenshift-blocks-meta\"><div class=\"gspb_meta_value\">L\u2019image de l\u2019entreprise HORSCH est indissociable de l\u2019esprit familial qui l\u2019a b\u00e2tie. Cette soci\u00e9t\u00e9 a \u00e9t\u00e9 pens\u00e9e et construite sur les valeurs et l\u2019\u00e9nergie de la famille HORSCH. Pilier incontournable de l\u2019agriculture moderne et du travail du sol, elle fait partie des acteurs du renouveau et de la modernisation du monde agricole. \u00c0 la fois [&hellip;]<\/div><\/div><\/div>\n\n    <\/li>\t\t\t\t\t\t\t\t\t\t\t\t\t                            \t\t\t\t\t\t\t\n<li class=\"gspbgrid_item swiper-slide  post-7076\">\n    <a class=\"gspbgrid_item_link\" title=\"Les Forges de Niaux, le sp\u00e9cialiste de la pi\u00e8ce d&rsquo;usure agricole\" href=\"https:\/\/www.lagriculteur.fr\/blog\/les-forges-de-niaux-le-specialiste-de-la-piece-dusure-agricole\/\"><\/a>            \n<div class=\"gspb_id-gsbp-7820c596-463f gspb-dynamic-post-image wp-block-greenshift-blocks-dynamic-post-image\"><a href=\"https:\/\/www.lagriculteur.fr\/blog\/les-forges-de-niaux-le-specialiste-de-la-piece-dusure-agricole\/\" title=\"Les Forges de Niaux, le sp\u00e9cialiste de la pi\u00e8ce d&rsquo;usure agricole\"><img decoding=\"async\" width=\"768\" height=\"247\" src=\"https:\/\/www.lagriculteur.fr\/blog\/wp-content\/uploads\/2023\/11\/disques-trempes-niaux-200-768x247.jpg\" class=\" wp-post-image\" alt=\"disques trempes niaux 200\" loading=\"lazy\" srcset=\"https:\/\/www.lagriculteur.fr\/blog\/wp-content\/uploads\/2023\/11\/disques-trempes-niaux-200-768x247.jpg 768w, https:\/\/www.lagriculteur.fr\/blog\/wp-content\/uploads\/2023\/11\/disques-trempes-niaux-200-300x96.jpg 300w, https:\/\/www.lagriculteur.fr\/blog\/wp-content\/uploads\/2023\/11\/disques-trempes-niaux-200-1024x329.jpg 1024w, https:\/\/www.lagriculteur.fr\/blog\/wp-content\/uploads\/2023\/11\/disques-trempes-niaux-200.jpg 1245w\" sizes=\"auto, (max-width: 768px) 100vw, 768px\" \/><\/a><\/div>\n\n\n<div class=\"wp-block-group is-layout-flow wp-container-core-group-is-layout-a360f6e0 wp-block-group-is-layout-flow\" style=\"padding-top:15px;padding-right:15px;padding-bottom:15px;padding-left:15px\"><div class=\"gspb_id-gsbp-62697816-da14 gspb-dynamic-post-title wp-block-greenshift-blocks-dynamic-post-title\"><h3 class=\"gspb-dynamic-title-element\">Les Forges de Niaux, le sp\u00e9cialiste de la pi\u00e8ce d&rsquo;usure agricole<\/h3><\/div>\n\n\n<div class=\"wp-block-group is-horizontal is-content-justification-left is-nowrap is-layout-flex wp-container-core-group-is-layout-69964be7 wp-block-group-is-layout-flex\"><div class=\"gspb_id-gsbp-90bb288c-86ad gspb_meta wp-block-greenshift-blocks-meta\"><span class=\"gspb_meta_value\">23 mai 2024<\/span><\/div><\/div>\n\n\n<div class=\"gspb_id-gsbp-f89f203b-ae56 gspb_meta wp-block-greenshift-blocks-meta\"><div class=\"gspb_meta_value\">La pr\u00e9sence de forges en Ari\u00e8ge remonte au XVIIe si\u00e8cle, d\u00e9but de la p\u00e9riode \u00e0 laquelle commen\u00e7a l\u2019exploitation des gisements de minerai de fer de la r\u00e9gion. \u00c0 l\u2019\u00e9poque, on d\u00e9nombrait une douzaine de forges entre Tarascon et Niaux. Toutes ces exploitations relevaient du proc\u00e9d\u00e9 de la forge Catalane qui a disparu vers 1860 avec [&hellip;]<\/div><\/div><\/div>\n\n    <\/li>\t\t\t\t\t\t\t\t\t\t\t\t\t\t\t\t\t\t<\/ul>\n\t\t\t\t\t\n\t\t\t\t\t\n\t\t\t\t<\/div>\n\t\t\t\t<div class=\"clearfix\"><\/div>\n\t\t\t\n\t\t\t<\/div>\n <\/div><\/section>\n","protected":false},"excerpt":{"rendered":"","protected":false},"author":8,"featured_media":0,"parent":0,"menu_order":0,"comment_status":"closed","ping_status":"closed","template":"","meta":{"_acf_changed":false,"_seopress_titles_title":"","_seopress_titles_desc":"","_seopress_robots_index":"","_seopress_robots_follow":"","_seopress_robots_imageindex":"","_seopress_robots_snippet":"","_seopress_robots_primary_cat":"","_seopress_robots_breadcrumbs":"","_seopress_robots_freeze_modified_date":"","_seopress_robots_custom_modified_date":"","_seopress_robots_canonical":"","_seopress_social_fb_title":"","_seopress_social_fb_desc":"","_seopress_social_fb_img":"","_seopress_social_fb_img_attachment_id":0,"_seopress_social_fb_img_width":0,"_seopress_social_fb_img_height":0,"_seopress_social_twitter_title":"","_seopress_social_twitter_desc":"","_seopress_social_twitter_img":"","_seopress_social_twitter_img_attachment_id":0,"_seopress_social_twitter_img_width":0,"_seopress_social_twitter_img_height":0,"_seopress_redirections_value":"","_seopress_redirections_enabled":"","_seopress_redirections_enabled_regex":"","_seopress_redirections_logged_status":"both","_seopress_redirections_param":"","_seopress_redirections_type":301,"_seopress_analysis_target_kw":"","_seopress_news_disabled":"","_seopress_video_disabled":"","_seopress_video":[],"_seopress_pro_schemas_manual":[],"_seopress_pro_rich_snippets_disable_all":"","_seopress_pro_rich_snippets_disable":[],"_seopress_pro_schemas":[],"_gspb_post_css":"#gspb_row-id-gsbp-205137f3-41d2,#gspb_row-id-gsbp-d5b7f687-5e34{justify-content:space-between;margin-top:0;margin-bottom:0;display:flex;flex-wrap:wrap}#gspb_row-id-gsbp-205137f3-41d2>.gspb_row__content,#gspb_row-id-gsbp-d5b7f687-5e34>.gspb_row__content{display:flex;justify-content:space-between;margin:0 auto;width:100%;flex-wrap:wrap}.gspb_row{position:relative}div[id^=gspb_col-id]{padding:15px min(3vw,20px);box-sizing:border-box;position:relative}body.gspb-bodyfront #gspb_row-id-gsbp-205137f3-41d2>.gspb_row__content,body.gspb-bodyfront #gspb_row-id-gsbp-d5b7f687-5e34>.gspb_row__content{width:var(--theme-container-width, 1200px);max-width:var(--theme-normal-container-max-width, 1200px)}#gspb_col-id-gsbp-bb8a1d0c-3d65.gspb_row__col--12{width:100%}@media (max-width:575.98px){#gspb_col-id-gsbp-bb8a1d0c-3d65.gspb_row__col--12{width:100%}}.gspb_id-gsbp-40cda8cd-4acd img{object-fit:cover;vertical-align:top}@media (max-width:991.98px){.gspb_id-gsbp-40cda8cd-4acd img{vertical-align:top}}@media (max-width:767.98px){.gspb_id-gsbp-40cda8cd-4acd img{vertical-align:top}}@media (max-width:575.98px){.gspb_id-gsbp-40cda8cd-4acd img{vertical-align:top}}.gspb_id-gsbp-40cda8cd-4acd img,.gspb_id-gsbp-40cda8cd-4acd svg.gspb_svg_placeholder{width:100%;max-width:100%;height:210px}body .gspb_id-gsbp-62697816-da14 h3.gspb-dynamic-title-element,body .gspb_id-gsbp-e09663ac-f9d2 h3.gspb-dynamic-title-element{font-size:1.2rem}body .gspb_id-gsbp-e09663ac-f9d2 h3.gspb-dynamic-title-element .wp-block a,body .gspb_id-gsbp-e09663ac-f9d2 h3.gspb-dynamic-title-element a{display:inline;background-repeat:no-repeat;background-image:linear-gradient(transparent calc(100% - 1px),currentColor 1px);transition:.7s ease;background-size:0 95%;text-decoration:none}body .gspb_id-gsbp-e09663ac-f9d2 h3.gspb-dynamic-title-element .wp-block a:hover,body .gspb_id-gsbp-e09663ac-f9d2 h3.gspb-dynamic-title-element a:hover{background-size:100% 95%}.gspb_id-gsbp-2a994400-2650{display:flex}.gspb_id-gsbp-e09663ac-f9d2{display:flex;align-items:center}.gspb_id-gsbp-2a994400-2650{align-items:flex-end}.gspb_id-gsbp-2a994400-2650 .gspb_meta_value{-webkit-line-clamp:3;display:-webkit-box;-webkit-box-orient:vertical;overflow:hidden;font-size:14px}.gspb_id-gsbp-522e665e-e77c{display:flex;align-items:flex-end}.gspb_id-gsbp-522e665e-e77c .gspb_meta_value{font-family:Lato,sans-serif;font-size:13px;color:var(--wp--preset--color--palette-color-1, var(--theme-palette-color-1, #000000))}#gspb_col-id-gsbp-52db4fe2-1223.gspb_row__col--12{width:100%}@media (max-width:575.98px){#gspb_col-id-gsbp-52db4fe2-1223.gspb_row__col--12{width:100%}}.gspb_id-gsbp-7820c596-463f img{object-fit:cover;vertical-align:top}@media (max-width:991.98px){.gspb_id-gsbp-7820c596-463f img{vertical-align:top}}@media (max-width:767.98px){.gspb_id-gsbp-7820c596-463f img{vertical-align:top}}@media (max-width:575.98px){.gspb_id-gsbp-7820c596-463f img{vertical-align:top}}.gspb_id-gsbp-7820c596-463f img,.gspb_id-gsbp-7820c596-463f svg.gspb_svg_placeholder{width:100%;max-width:100%;height:210px}.gspb_id-gsbp-62697816-da14 h3.gspb-dynamic-title-element,.gspb_id-gsbp-e09663ac-f9d2 h3.gspb-dynamic-title-element{height:60px;min-height:60px;max-height:60px;-webkit-line-clamp:2;display:-webkit-box;-webkit-box-orient:vertical;overflow:hidden}body .gspb_id-gsbp-62697816-da14 h3.gspb-dynamic-title-element .wp-block a,body .gspb_id-gsbp-62697816-da14 h3.gspb-dynamic-title-element a{display:inline;background-repeat:no-repeat;background-image:linear-gradient(transparent calc(100% - 1px),currentColor 1px);transition:.7s ease;background-size:0 95%;text-decoration:none}body .gspb_id-gsbp-62697816-da14 h3.gspb-dynamic-title-element .wp-block a:hover,body .gspb_id-gsbp-62697816-da14 h3.gspb-dynamic-title-element a:hover{background-size:100% 95%}.gspb_id-gsbp-62697816-da14{display:flex;align-items:center}.gspb_id-gsbp-90bb288c-86ad,.gspb_id-gsbp-f89f203b-ae56{display:flex;align-items:flex-end}.gspb_id-gsbp-f89f203b-ae56 .gspb_meta_value{-webkit-line-clamp:3;display:-webkit-box;-webkit-box-orient:vertical;overflow:hidden;font-size:14px}.gspb_id-gsbp-90bb288c-86ad .gspb_meta_value{font-family:Lato,sans-serif;font-size:13px;color:var(--wp--preset--color--palette-color-1, var(--theme-palette-color-1, #000000))}.gspbgrid_id-gsbp-ae95961e-0d06 ul.wp-block-post-template{list-style:none;margin:0;padding:0;display:grid;grid-template-columns:repeat(2,1fr)}.gspbgrid_id-gsbp-9ced3ba7-b680 ul.wp-block-post-template:before,.gspbgrid_id-gsbp-ae95961e-0d06 ul.wp-block-post-template:before{display:none!important}.gspbgrid_id-gsbp-9ced3ba7-b680 ul.wp-block-post-template>li,.gspbgrid_id-gsbp-ae95961e-0d06 ul.wp-block-post-template>li{width:100%!important}.gspbgrid_id-gsbp-ae95961e-0d06 .gspbgrid-block__title{text-transform:uppercase;font-size:28px;line-height:40px}@media (max-width:575.98px){.gspbgrid_id-gsbp-ae95961e-0d06 .gspbgrid-block__title{font-size:18px;line-height:30px}}.gspbgrid_id-gsbp-ae95961e-0d06 .gspbgrid-block__title{letter-spacing:.5px;font-weight:700!important;color:var(--wp--preset--color--palette-color-4, var(--theme-palette-color-4, #192a3d));border-bottom-style:solid;border-bottom-width:1px;border-bottom-color:var(--wp--preset--color--palette-color-4, var(--theme-palette-color-4, #192a3d))}@media (max-width:991.98px){.gspbgrid_id-gsbp-ae95961e-0d06 .gspbgrid-block__title{border-bottom-width:nullpx}}@media (max-width:767.98px){.gspbgrid_id-gsbp-ae95961e-0d06 .gspbgrid-block__title{border-bottom-width:nullpx}}@media (max-width:575.98px){.gspbgrid_id-gsbp-ae95961e-0d06 .gspbgrid-block__title{border-bottom-width:1px}}.gspbgrid_id-gsbp-ae95961e-0d06 .gspbgrid-block__title{margin-bottom:10px}.gspbgrid_id-gsbp-ae95961e-0d06 .wp-block-post-template>.gspbgrid_item{overflow:hidden;border-top-left-radius:6px;border-top-right-radius:6px;border-bottom-right-radius:6px;border-bottom-left-radius:6px;border-style:solid;border-width:1px;border-color:#7d7d7d2b;position:relative}.gspbgrid_id-gsbp-ae95961e-0d06 .gspbgrid_item_link{position:absolute;top:0;left:0;right:0;bottom:0;width:100%;height:100%;z-index:3}@media (max-width:991.98px){.gspbgrid_id-gsbp-ae95961e-0d06 ul.wp-block-post-template{grid-template-columns:repeat(2,1fr)}}@media (max-width:767.98px){.gspbgrid_id-gsbp-ae95961e-0d06 ul.wp-block-post-template{grid-template-columns:repeat(2,1fr)}}@media (max-width:575.98px){.gspbgrid_id-gsbp-ae95961e-0d06 ul.wp-block-post-template{grid-template-columns:repeat(1,1fr)}}.gspbgrid_id-gsbp-ae95961e-0d06 ul.wp-block-post-template{gap:20px}@media (max-width:991.98px){.gspbgrid_id-gsbp-ae95961e-0d06 ul.wp-block-post-template{gap:20px}}@media (max-width:767.98px){.gspbgrid_id-gsbp-ae95961e-0d06 ul.wp-block-post-template{gap:20px}}@media (max-width:575.98px){.gspbgrid_id-gsbp-ae95961e-0d06 ul.wp-block-post-template{gap:20px}}.gspbgrid_id-gsbp-ae95961e-0d06 .wp-block-post-template>li:nth-child(1){grid-column:span 2}@media (max-width:575.98px){.gspbgrid_id-gsbp-ae95961e-0d06 .wp-block-post-template>li:nth-child(1){grid-column:span 1}}.gspbgrid_id-gsbp-ae95961e-0d06 .wp-block-post-template>li:nth-child(1),.gspbgrid_id-gsbp-ae95961e-0d06 .wp-block-post-template>li:nth-child(2){position:relative}.gspbgrid_id-gsbp-9ced3ba7-b680 ul.wp-block-post-template{list-style:none;margin:0;padding:0;display:grid;grid-template-columns:repeat(2,1fr)}.gspbgrid_id-gsbp-9ced3ba7-b680 .gspbgrid-block__title{text-transform:uppercase;font-size:28px;line-height:40px}@media (max-width:575.98px){.gspbgrid_id-gsbp-9ced3ba7-b680 .gspbgrid-block__title{font-size:18px;line-height:30px}}.gspbgrid_id-gsbp-9ced3ba7-b680 .gspbgrid-block__title{letter-spacing:.5px;font-weight:700!important;color:var(--wp--preset--color--palette-color-4, var(--theme-palette-color-4, #192a3d));border-bottom-style:solid;border-bottom-width:1px;border-bottom-color:var(--wp--preset--color--palette-color-4, var(--theme-palette-color-4, #192a3d))}@media (max-width:991.98px){.gspbgrid_id-gsbp-9ced3ba7-b680 .gspbgrid-block__title{border-bottom-width:nullpx}}@media (max-width:767.98px){.gspbgrid_id-gsbp-9ced3ba7-b680 .gspbgrid-block__title{border-bottom-width:nullpx}}@media (max-width:575.98px){.gspbgrid_id-gsbp-9ced3ba7-b680 .gspbgrid-block__title{border-bottom-width:1px}}.gspbgrid_id-gsbp-9ced3ba7-b680 .gspbgrid-block__title{margin-top:40px;margin-bottom:20px}.gspbgrid_id-gsbp-9ced3ba7-b680 .wp-block-post-template>.gspbgrid_item{overflow:hidden;border-top-left-radius:6px;border-top-right-radius:6px;border-bottom-right-radius:6px;border-bottom-left-radius:6px;border-style:solid;border-width:1px;border-color:#7d7d7d2b;position:relative}.gspbgrid_id-gsbp-9ced3ba7-b680 .gspbgrid_item_link{position:absolute;top:0;left:0;right:0;bottom:0;width:100%;height:100%;z-index:3}@media (max-width:991.98px){.gspbgrid_id-gsbp-9ced3ba7-b680 ul.wp-block-post-template{grid-template-columns:repeat(2,1fr)}}@media (max-width:767.98px){.gspbgrid_id-gsbp-9ced3ba7-b680 ul.wp-block-post-template{grid-template-columns:repeat(2,1fr)}}@media (max-width:575.98px){.gspbgrid_id-gsbp-9ced3ba7-b680 ul.wp-block-post-template{grid-template-columns:repeat(1,1fr)}}.gspbgrid_id-gsbp-9ced3ba7-b680 ul.wp-block-post-template{gap:20px}@media (max-width:991.98px){.gspbgrid_id-gsbp-9ced3ba7-b680 ul.wp-block-post-template{gap:20px}}@media (max-width:767.98px){.gspbgrid_id-gsbp-9ced3ba7-b680 ul.wp-block-post-template{gap:20px}}@media (max-width:575.98px){.gspbgrid_id-gsbp-9ced3ba7-b680 ul.wp-block-post-template{gap:20px}}.gspbgrid_id-gsbp-9ced3ba7-b680 .wp-block-post-template>li:nth-child(1){grid-column:span 2}@media (max-width:575.98px){.gspbgrid_id-gsbp-9ced3ba7-b680 .wp-block-post-template>li:nth-child(1){grid-column:span 1}}.gspbgrid_id-gsbp-9ced3ba7-b680 .wp-block-post-template>li:nth-child(1),.gspbgrid_id-gsbp-9ced3ba7-b680 .wp-block-post-template>li:nth-child(2){position:relative}","footnotes":""},"class_list":["post-3242","page","type-page","status-publish"],"blocksy_meta":{"page_structure_type":"type-1","disable_header":"no","has_hero_section":"disabled","styles_descriptor":{"styles":{"desktop":"","tablet":"","mobile":""},"google_fonts":[],"version":7}},"acf":[],"_links":{"self":[{"href":"https:\/\/www.lagriculteur.fr\/blog\/wp-json\/wp\/v2\/pages\/3242","targetHints":{"allow":["GET"]}}],"collection":[{"href":"https:\/\/www.lagriculteur.fr\/blog\/wp-json\/wp\/v2\/pages"}],"about":[{"href":"https:\/\/www.lagriculteur.fr\/blog\/wp-json\/wp\/v2\/types\/page"}],"author":[{"embeddable":true,"href":"https:\/\/www.lagriculteur.fr\/blog\/wp-json\/wp\/v2\/users\/8"}],"replies":[{"embeddable":true,"href":"https:\/\/www.lagriculteur.fr\/blog\/wp-json\/wp\/v2\/comments?post=3242"}],"version-history":[{"count":0,"href":"https:\/\/www.lagriculteur.fr\/blog\/wp-json\/wp\/v2\/pages\/3242\/revisions"}],"wp:attachment":[{"href":"https:\/\/www.lagriculteur.fr\/blog\/wp-json\/wp\/v2\/media?parent=3242"}],"curies":[{"name":"wp","href":"https:\/\/api.w.org\/{rel}","templated":true}]}}